{"id":761,"date":"2021-04-20T09:39:07","date_gmt":"2021-04-20T07:39:07","guid":{"rendered":"https:\/\/wgsr.uw.edu.pl\/kgf\/?page_id=761"},"modified":"2025-12-05T12:33:42","modified_gmt":"2025-12-05T12:33:42","slug":"studenckie-projekty-badawcze-z-hydrologii","status":"publish","type":"page","link":"https:\/\/kgf.wgsr.uw.edu.pl\/?page_id=761","title":{"rendered":"Studenckie projekty badawcze z hydrologii"},"content":{"rendered":"\r\n<h1 class=\"wp-block-heading\"><strong>O projektach<\/strong><\/h1>\r\n<p><strong>Studenckie projekty badawcze to zindywidualizowana forma kszta\u0142cenia na WGSR UW, kt\u00f3r\u0105 zainicjowali\u015bmy w 2018 roku. Nowoczesna dydaktyka powinna wychodzi\u0107 poza szablon tradycyjnych zaj\u0119\u0107, pozwalaj\u0105c budowa\u0107 kompetencje badawcze oraz umiej\u0119tno\u015b\u0107 pracy zespo\u0142owej student\u00f3w. To r\u00f3wnie\u017c znakomita forma poszerzenia wiedzy oraz mi\u0142ego sp\u0119dzenia czasu.<\/strong><\/p>\r\n<p>Ka\u017cdy studencki projekt badawczy odznacza si\u0119 w\u0142asn\u0105 specyfik\u0105, uzale\u017cnion\u0105 od wybranego zagadnienia badawczego. Na pocz\u0105tku jednak zawsze zaczynamy od dyskusji nad podj\u0119t\u0105 problematyk\u0105, dokonujemy wsp\u00f3lnej kwerendy literatury, a tak\u017ce opracowujemy metodyk\u0119 bada\u0144. Korzystamy przy tym z licznych publikacji i raport\u00f3w naukowych, map topograficznych oraz zdj\u0119\u0107 lotniczych. \u00a0<\/p>\r\n<p>Bardzo wa\u017cnym i jednocze\u015bnie lubianym elementem ka\u017cdego projektu s\u0105 wyjazdy terenowe, odbywaj\u0105ce si\u0119, w zale\u017cno\u015bci od specyfiki zagadnienia badawczego, raz na dwa lub cztery tygodnie. Wszyscy uczestnicy projektu, cz\u0119sto w podziale na grupy, samodzielnie wykonuj\u0105 oznaczenia cech ilo\u015bciowych i jako\u015bciowych w\u00f3d pod czujnym okiem kadry. Dotychczas je\u017adzili\u015bmy nad Potok S\u0142u\u017cewiecki, dop\u0142ywy \u015awidra, dop\u0142ywy Wkry i na \u017ar\u00f3d\u0142a zlokalizowane na Skarpie Warszawskiej w Warszawie i nad Zimn\u0105 Wod\u0119. Nasz najnowszy projekt dotyczy zlewni Jeziorki.<\/p>\r\n<p>Na etapie opracowywania danych \u2013 podczas spotka\u0144 stacjonarnych b\u0105d\u017a zdalnych \u2013 uczestnicy poznaj\u0105 metody analizy statystycznej (Statistica i SPSS) oraz rozwijaj\u0105 umiej\u0119tno\u015bci z zakresu analiz przestrzennych (ArcMap i QGIS). Studenci ucz\u0105 si\u0119 r\u00f3wnie\u017c w\u0142a\u015bciwej syntezy wynik\u00f3w i logicznego wnioskowania.<\/p>\r\n<p>Podsumowaniem wszystkich zrealizowanych dotychczas projekt\u00f3w by\u0142o wsp\u00f3lne przygotowanie artyku\u0142\u00f3w naukowych. Warto podkre\u015bli\u0107, i\u017c studenci, b\u0119d\u0105cy wsp\u00f3\u0142autorami artyku\u0142\u00f3w, bior\u0105 udzia\u0142 we wszystkich etapach ich przygotowania, w\u0142\u0105czaj\u0105c redakcj\u0119 tekstu oraz proces recenzyjny, zdobywaj\u0105c w tym zakresie cenne i unikalne do\u015bwiadczenie.<\/p>\r\n<p>Uczestnicy projekt\u00f3w bior\u0105 r\u00f3wnie\u017c udzia\u0142 w konferencjach naukowych dedykowanych m\u0142odym naukowcom, gdzie prezentuj\u0105 wyniki bada\u0144, a tak\u017ce poznaj\u0105 aktualne w\u0105tki badawcze w hydrologii i gospodarce wodnej.<\/p>\r\n<blockquote>\r\n<p><em>Jako studentka trzeciego roku studi\u00f3w licencjackich zaanga\u017cowa\u0142am si\u0119 wraz z innymi studentami w projekt badawczy dotycz\u0105cy jako\u015bci wody w Potoku S\u0142u\u017cewieckim. Udzia\u0142 w tym projekcie by\u0142 idealn\u0105 okazj\u0105 do wykorzystania wiedzy zdobytej na wyk\u0142adach i \u0107wiczeniach w praktyce. Ponadto pozwoli\u0142 mi na zdobycie umiej\u0119tno\u015bci niezb\u0119dnych w pracy naukowej, takich jak: praca w grupie, krytyczne podej\u015bcie do uzyskanych wynik\u00f3w, pisanie artyku\u0142\u00f3w naukowych czy przygotowywanie prezentacji na og\u00f3lnopolskie konferencje. Dodatkowo by\u0142a to po prostu dobra zabawa i mo\u017cliwo\u015b\u0107 sp\u0119dzenia czasu w terenie, kt\u00f3ry jak wszyscy wiemy jest naturalnym \u015brodowiskiem ka\u017cdego geografa.<\/em><\/p>\r\n<p>\u2013 Agnieszka Hala\u015b<\/p>\r\n<\/blockquote>\r\n<p><strong>Zapraszamy do wsp\u00f3\u0142pracy w ramach studenckich projekt\u00f3w badawczych wszystkich ch\u0119tnych, zainteresowanych hydrologi\u0105 i gospodark\u0105 wodn\u0105. To doskona\u0142y spos\u00f3b na zdobycie pierwszych powa\u017cnych i inspiruj\u0105cych do\u015bwiadcze\u0144 naukowych.<\/strong><\/p>\r\n<h1><strong>Realizowane projekty studenckie<\/strong><\/h1>\r\n<h2><strong>Jeziorka \u2013 niewielka rzeka o wielkim znaczeniu (#ProjektJeziorka \u2013 lato 2025 \u2013 wiosna 2026)<\/strong><\/h2>\r\n<p><img loading=\"lazy\" decoding=\"async\" class=\"size-medium wp-image-3053 alignleft\" src=\"https:\/\/kgf.wgsr.uw.edu.pl\/wp-content\/uploads\/2025\/06\/Kopia-\u2013-Kopia-\u2013-Licencjat-M.Lenartowicz-2-300x300.png\" alt=\"\" width=\"300\" height=\"300\" srcset=\"https:\/\/kgf.wgsr.uw.edu.pl\/wp-content\/uploads\/2025\/06\/Kopia-\u2013-Kopia-\u2013-Licencjat-M.Lenartowicz-2-300x300.png 300w, https:\/\/kgf.wgsr.uw.edu.pl\/wp-content\/uploads\/2025\/06\/Kopia-\u2013-Kopia-\u2013-Licencjat-M.Lenartowicz-2-1024x1024.png 1024w, https:\/\/kgf.wgsr.uw.edu.pl\/wp-content\/uploads\/2025\/06\/Kopia-\u2013-Kopia-\u2013-Licencjat-M.Lenartowicz-2-150x150.png 150w, https:\/\/kgf.wgsr.uw.edu.pl\/wp-content\/uploads\/2025\/06\/Kopia-\u2013-Kopia-\u2013-Licencjat-M.Lenartowicz-2-768x768.png 768w, https:\/\/kgf.wgsr.uw.edu.pl\/wp-content\/uploads\/2025\/06\/Kopia-\u2013-Kopia-\u2013-Licencjat-M.Lenartowicz-2-510x510.png 510w, https:\/\/kgf.wgsr.uw.edu.pl\/wp-content\/uploads\/2025\/06\/Kopia-\u2013-Kopia-\u2013-Licencjat-M.Lenartowicz-2.png 1080w\" sizes=\"auto, (max-width: 300px) 100vw, 300px\" \/>Studencki projekt badawczy pt. \u201eJeziorka \u2013 niewielka rzeka o wielkim znaczeniu\u201d (na potrzeby dzia\u0142a\u0144 promocyjnych w mediach spo\u0142eczno\u015bciowych nazywany #ProjektJeziorka) ma na celu ocen\u0119 stanu hydrochemicznego Jeziorki i jej dop\u0142yw\u00f3w, identyfikacj\u0119 ognisk zanieczyszczenia zlewni (punktowych i obszarowych) oraz okre\u015blenie czynnik\u00f3w wp\u0142ywaj\u0105cych na kszta\u0142towanie jako\u015bci wody w zlewni. Metodyka bada\u0144 b\u0119dzie opiera\u0107 si\u0119 na kilkukrotnym kartowaniu hydrochemicznym rzeki Jeziorki i jej dop\u0142yw\u00f3w w zr\u00f3\u017cnicowanych warunkach hydrometeorologicznych oraz wegetacyjnych (kartowanie wst\u0119pne \u2013 wiosna 2025 r., lato 2025 r. \u2013 okres suszy hydrologicznej, jesie\u0144 2025 r. \u2013 niski przep\u0142yw i brak wegetacji, zima 2025\/2026 r. \u2013 roztopy\/podwy\u017cszony stan wody, sp\u0142yw zanieczyszcze\u0144 pochodzenia rolniczego, wiosna 2026 r. \u2013 pocz\u0105tek wegetacji). W terenie zmierzona zostanie temperatura wody, przewodno\u015b\u0107 elektrolityczna w\u0142a\u015bciwa, odczyn oraz st\u0119\u017cenie tlenu rozpuszczonego, natomiast w laboratorium oznaczone zostan\u0105 jony NO<sub>3<\/sub>, NH<sub>4<\/sub>, PO<sub>4<\/sub>, SO<sub>4<\/sub>, K, Fe, oraz Cu (wska\u017aniki biogenne, zasolenia, metale). Dodatkowo pr\u00f3bki pobrane z kilku najwa\u017cniejszych punkt\u00f3w w zlewni zostan\u0105 oznaczone w zewn\u0119trznym laboratorium w zakresie metali ci\u0119\u017ckich i \u015bladowych, b\u0119d\u0105cych indykatorami zanieczyszczenia antropogenicznego.<\/p>\r\n<p>Cz\u0119\u015b\u0107 badawcza b\u0119dzie sk\u0142ada\u0107 si\u0119 r\u00f3wnie\u017c z analiz przestrzennych, maj\u0105cych na celu ocen\u0119 pokrycia terenu zlewni cz\u0105stkowych zamkni\u0119tych przez punkty pomiarowe, oraz analiz statystycznych, maj\u0105cych na celu wizualizacj\u0119 otrzymanych wynik\u00f3w oraz okre\u015blenie najwa\u017cniejszych prawid\u0142owo\u015bci przestrzennych za pomoc\u0105 analizy g\u0142\u00f3wnych sk\u0142adowych oraz analizy korelacji.<\/p>\r\n<p>Projekt b\u0119dzie mia\u0142 wymiar zar\u00f3wno poznawczy, jak i aplikacyjny \u2013 jego efektem b\u0119dzie raport, identyfikuj\u0105cy g\u0142\u00f3wne przyczyny zr\u00f3\u017cnicowania przestrzennego jako\u015bci wody w zlewni Jeziorki oraz wskazuj\u0105cy ewentualne sposoby rozwi\u0105za\u0144, maj\u0105cych na celu popraw\u0119 stanu ekologicznego rzeki i jej dop\u0142yw\u00f3w. Raport ten zostanie przekazany<a href=\"https:\/\/www.kraina-jeziorki.pl\/\">\u00a0Stowarzyszeniu Gmin i Powiat\u00f3w Zlewni Rzeki Jeziorki<\/a>, z kt\u00f3rym w\u0142adze WGSR UW podpisa\u0142y stosowne porozumienie w tym zakresie. Wyniki bada\u0144 zostan\u0105 r\u00f3wnie\u017c opublikowane w postaci artyku\u0142u naukowego, identyfikuj\u0105cego zale\u017cno\u015bci pomi\u0119dzy pokryciem terenu a jako\u015bci\u0105 wody. Planujemy r\u00f3wnie\u017c udzia\u0142 student\u00f3w w hydrologicznej konferencji naukowej w Poznaniu.<\/p>\r\n<p>Studenci b\u0119d\u0105 uczestniczy\u0107 w projekcie w ramach kilku dzia\u0142a\u0144, obejmuj\u0105cych: prac\u0119 w terenie (pomiary, pob\u00f3r pr\u00f3b), prac\u0119 w laboratorium (analizy chemiczne), analizy przestrzenne i statystyczne. Dodatkowe formy dzia\u0142ania przewiduj\u0105 r\u00f3wnie\u017c udzia\u0142 w opracowaniu danych na potrzeby raportu, przygotowaniu artyku\u0142u, posteru, udzia\u0142 w konferencji i prezentacj\u0119 wynik\u00f3w.<\/p>\r\n<h3><strong>Prezentacja posteru:<\/strong><\/h3>\r\n<ul>\r\n<li><img loading=\"lazy\" decoding=\"async\" class=\"aligncenter wp-image-3250 size-large\" src=\"https:\/\/kgf.wgsr.uw.edu.pl\/wp-content\/uploads\/2025\/10\/Poster-Jeziorka-1-717x1024.png\" alt=\"\" width=\"717\" height=\"1024\" srcset=\"https:\/\/kgf.wgsr.uw.edu.pl\/wp-content\/uploads\/2025\/10\/Poster-Jeziorka-1-717x1024.png 717w, https:\/\/kgf.wgsr.uw.edu.pl\/wp-content\/uploads\/2025\/10\/Poster-Jeziorka-1-210x300.png 210w, https:\/\/kgf.wgsr.uw.edu.pl\/wp-content\/uploads\/2025\/10\/Poster-Jeziorka-1-768x1097.png 768w, https:\/\/kgf.wgsr.uw.edu.pl\/wp-content\/uploads\/2025\/10\/Poster-Jeziorka-1-1075x1536.png 1075w, https:\/\/kgf.wgsr.uw.edu.pl\/wp-content\/uploads\/2025\/10\/Poster-Jeziorka-1-1434x2048.png 1434w, https:\/\/kgf.wgsr.uw.edu.pl\/wp-content\/uploads\/2025\/10\/Poster-Jeziorka-1-scaled.png 1792w\" sizes=\"auto, (max-width: 717px) 100vw, 717px\" \/>Baka N., Chodinow P., Witalis W., Bartoszek A., Jaworski J., Letma\u0144ska J., Matusiak A., Po\u0107wierz A., Zakrzewska M., Zieli\u0144ska N., \u0141aszewski M., Sucho\u017cebrski J. (2025) Ma\u0142a rzeka na obrze\u017cu wielkiej aglomeracji: funkcjonowanie hydrochemiczne ciek\u00f3w w warunkach silnej antropopresji na przyk\u0142adzie zlewni Jeziorki. Poster, XIV Og\u00f3lnopolska Konferencja Naukowa M\u0142odych Badaczy w Krakowie, UJ.\u00a0<\/li>\r\n<\/ul>\r\n<h2><strong>Projekt Zimna Woda (#ProjektZimnaWoda \u2013 wiosna 2024 \u2013 wiosna 2025)<\/strong><\/h2>\r\n<p><img loading=\"lazy\" decoding=\"async\" class=\"size-medium wp-image-2634 alignleft\" src=\"https:\/\/kgf.wgsr.uw.edu.pl\/wp-content\/uploads\/2023\/12\/407855690_788004063132978_4160208568866476678_n-300x300.jpg\" alt=\"\" width=\"300\" height=\"300\" srcset=\"https:\/\/kgf.wgsr.uw.edu.pl\/wp-content\/uploads\/2023\/12\/407855690_788004063132978_4160208568866476678_n-300x300.jpg 300w, https:\/\/kgf.wgsr.uw.edu.pl\/wp-content\/uploads\/2023\/12\/407855690_788004063132978_4160208568866476678_n-1024x1024.jpg 1024w, https:\/\/kgf.wgsr.uw.edu.pl\/wp-content\/uploads\/2023\/12\/407855690_788004063132978_4160208568866476678_n-150x150.jpg 150w, https:\/\/kgf.wgsr.uw.edu.pl\/wp-content\/uploads\/2023\/12\/407855690_788004063132978_4160208568866476678_n-768x768.jpg 768w, https:\/\/kgf.wgsr.uw.edu.pl\/wp-content\/uploads\/2023\/12\/407855690_788004063132978_4160208568866476678_n-510x510.jpg 510w, https:\/\/kgf.wgsr.uw.edu.pl\/wp-content\/uploads\/2023\/12\/407855690_788004063132978_4160208568866476678_n.jpg 1080w\" sizes=\"auto, (max-width: 300px) 100vw, 300px\" \/>To nasz kolejny studencki projekt badawczy, do kt\u00f3rego zaprosili\u015bmy przede wszystkim studentki i student\u00f3w studi\u00f3w 1. stopnia. Projekt by\u0142 realizowany wraz z uczniami z\u00a0<a href=\"https:\/\/www.facebook.com\/plo60podkowalesna?__cft__%5b0%5d=AZUcgqih_OQXzR_eCX0RmSxV_e7MeMj_MuNuESDQ1cfqpFdx7CSX6UZOCMf74DyGrWzhUBVd-9IwTmnL19HPvBzTtUP3-fVY9BdzylXqxA3E7d5GNVSUkgUcZLHhG-q2WFk0iLIUV-4nKbWBDOYdzytm&amp;__tn__=-%5dK-R\">Podkowia\u0144skiego Liceum Og\u00f3lnokszta\u0142c\u0105cego nr 60<\/a>\u00a0i\u00a0<a href=\"https:\/\/www.facebook.com\/profile.php?id=100027716511492&amp;__cft__%5b0%5d=AZUcgqih_OQXzR_eCX0RmSxV_e7MeMj_MuNuESDQ1cfqpFdx7CSX6UZOCMf74DyGrWzhUBVd-9IwTmnL19HPvBzTtUP3-fVY9BdzylXqxA3E7d5GNVSUkgUcZLHhG-q2WFk0iLIUV-4nKbWBDOYdzytm&amp;__tn__=-%5dK-R\">Samorz\u0105dowej Szko\u0142y Podstawowej w Podkowie Le\u015bnej<\/a>.<\/p>\r\n<p>Tym razem zaj\u0119lismy si\u0119 badaniami Zimnej Wody. To struga, kt\u00f3ra bierze pocz\u0105tek w okolicach Rozalina i M\u0142ochowa, przep\u0142ywa przez Nadarzyn, Brwin\u00f3w i uchodzi do Rokitnicy.<\/p>\r\n<p>\u00a0W projekcie odpowiedzieli\u015bmy na pytania:<\/p>\r\n<ul>\r\n<li>Jaki jest stan rzeki (chemiczny, hydromorfologiczny, biologiczny)?<\/li>\r\n<li>Jakie s\u0105 przyczyny i ogniska zanieczyszcze\u0144?<\/li>\r\n<\/ul>\r\n<p>Na tej podstawie zaproponowali\u015bmy rozwi\u0105zania i sposoby poprawy stanu rzeki.<\/p>\r\n<p>Co zrealizowali\u015bmy?<\/p>\r\n<ul>\r\n<li>Badania wybranych wska\u017anik\u00f3w jako\u015bci wody prowadzone przy wsp\u00f3\u0142pracy z firm\u0105\u00a0<a href=\"https:\/\/www.facebook.com\/Exaqua.photometer?__cft__%5b0%5d=AZUcgqih_OQXzR_eCX0RmSxV_e7MeMj_MuNuESDQ1cfqpFdx7CSX6UZOCMf74DyGrWzhUBVd-9IwTmnL19HPvBzTtUP3-fVY9BdzylXqxA3E7d5GNVSUkgUcZLHhG-q2WFk0iLIUV-4nKbWBDOYdzytm&amp;__tn__=-%5dK-R\">Exaqua<\/a><\/li>\r\n<li>Badania ilo\u015bci wody (pomiary nat\u0119\u017cenie przep\u0142ywu)<\/li>\r\n<li>Badania hydromorfologiczne (ocena naturalno\u015bci i przekszta\u0142cenia koryta rzeki)<\/li>\r\n<li>Elementy bada\u0144 biologicznych\u2026<\/li>\r\n<li>Wyst\u0105pienia na konferencjach naukowych i przygotowanie artyku\u0142u naukowego dotycz\u0105cego stanu rzeki oraz propozycji jego poprawy.<\/li>\r\n<\/ul>\r\n<p>Projekt przeznaczony by\u0142 nie tylko dla os\u00f3b, kt\u00f3re chcia\u0142yby poszerzy\u0107 swoje kompetencje hydrologiczne, ale znalaz\u0142o si\u0119 w nim r\u00f3wnie\u017c miejsce dla pasjonat\u00f3w kartografii i analiz przestrzennych, bada\u0144 przyrodniczych czy hydromorfologicznych. Wa\u017cna by\u0142a r\u00f3wnie\u017c mo\u017cliwo\u015b\u0107 uzyskania dodatkowych punkt\u00f3w ECTS.<\/p>\r\n<h3><strong>Referaty:<\/strong><\/h3>\r\n<ul>\r\n<li>J. Sucho\u017cebrski, K. \u017baba, I. Dmowski, M. \u0141aszewski. Chroni\u0107 czy nie? Wp\u0142yw mokrade\u0142 na ilo\u015b\u0107 i jako\u015b\u0107 zasob\u00f3w wodnych na obszarach podmiejskich Warszawy (na przyk\u0142adzie Zimnej wody). <em>IV Interdyscyplinarna konferencja \u201cWarszawa w \u015bwietle bada\u0144 naukowych\u201d<\/em>, 28-29 listopada 2024. Laboratorium Miasta na Wydziale Geografii i Studi\u00f3w Regionalnych Uniwersytetu Warszawskiego, sekcja Akademicka Warszawa w Centrum Wsp\u00f3\u0142pracy i Dialogu UW, Urz\u0105d m.st. Warszawy oraz Urz\u0105d Statystyczny w Warszawie (nagranie:\u00a0<a href=\"https:\/\/www.youtube.com\/watch?v=pkAN1ZA-09g\">https:\/\/www.youtube.com\/watch?v=pkAN1ZA-09g<\/a>czas: 2:50:15 \u2013 3:03:50) .<\/li>\r\n<li>I. Dmowski, E. J\u00f3zefczyk, E. Wr\u00f3belska, K. \u017baba, A. Bartnicka, R. Van Den Bercken, M. Deluga, A. Ku\u015bnierz, Z. Pyskaty, A. Radecka, A. Sierakowska, Z. Strzelecka, M. Wilk, N. Zieli\u0144skia, M. \u0141aszewski i J. Sucho\u017cebrski. Funkcje i zagro\u017cenia ekosystem\u00f3w rzecznych w obszarach zurbanizowanych na przyk\u0142adzie zlewni Zimnej Wody. <em>IX Og\u00f3lnopolska Konferencja Hydrologiczna z okazji \u015awiatowego Dnia Wody<\/em>. Uniwersytet Adama Mickiewicza w Poznaniu\u00a0<\/li>\r\n<li>P. Mickiewicz i Z. Su\u0142kowska. Zmiany pokrycia terenu zlewni Zimnej Wody i ich konsekwencje hydrologiczne. <em>IX Og\u00f3lnopolska Konferencja Hydrologiczna z okazji \u015awiatowego Dnia Wody<\/em>. Uniwersytet Adama Mickiewicza w Poznaniu.\u00a0<\/li>\r\n<\/ul>\r\n<h3><strong>Debata publiczna<\/strong>:<\/h3>\r\n<ul>\r\n<li>Debata o kondycji Zimnej Wody (Podkowia\u0144skie LO nr 60, 4 kwietnia 2025 r.). I. Dmowski oraz\u00a0 E. J\u00f3zefczyk samodzielnie prowadzili stolik dyskusyjny nt. dzia\u0142alno\u015bci bobr\u00f3w. (<a href=\"https:\/\/wiewiory.edu.pl\/projekt-zimnawoda\">https:\/\/wiewiory.edu.pl\/projekt-zimnawoda<\/a>)\u00a0<\/li>\r\n<\/ul>\r\n<h3><strong>Rozdzia\u0142 w monografii:<\/strong><\/h3>\r\n<ul>\r\n<li>Sucho\u017cebrski J., \u0141aszewski M. \u017baba K., Dmowski I, Wr\u00f3belska E., Su\u0142kowska Z., Mickiewicz P., (2025). Ma\u0142a rzeka na obrze\u017cach aglomeracji: Funkcje i zagro\u017cenia ekosystem\u00f3w rzecznych na przyk\u0142adzie podwarszawskiej Zimnej Wody. W S. Dudek-Ma\u0144kowska (red.), Warszawa w \u015bwietle bada\u0144 naukowych. Diagnozy i wyzwania pocz\u0105tku XXI wieku (s. 47\u201365). Wydawnictwa Uniwersytetu Warszawskiego (<a href=\"https:\/\/www.wuw.pl\/product-pol-20713-Warszawa-w-swietle-badan-naukowych-Diagnozy-i-wyzwania-poczatku-XXI-wieku.html\">link<\/a>).<\/li>\r\n<\/ul>\r\n<h2><strong>\u0179r\u00f3d\u0142a Skarpy Warszawskiej (wiosna 2023 \u2013 lato 2024)<\/strong><\/h2>\r\n<p>Wyp\u0142ywy w\u00f3d podziemnych stanowi\u0105 doskona\u0142y wska\u017anik proces\u00f3w zachodz\u0105cych w \u015brodowisku, szczeg\u00f3lnie na obszarach zurbanizowanych.<\/p>\r\n<p>Projekt ma na celu oceny przestrzennego i czasowego zr\u00f3\u017cnicowania cech fizyczno-chemicznych \u017ar\u00f3de\u0142 kraw\u0119dziowych, po\u0142o\u017conych u podn\u00f3\u017ca Skarpy Warszawskiej. \u0179r\u00f3d\u0142a te, po\u0142o\u017cone w obr\u0119bie Mokotowa (Piaseczy\u0144ska), \u015ar\u00f3dmie\u015bcia (UW) oraz Bielan (UKSW), odzwierciedlaj\u0105 zr\u00f3\u017cnicowany wp\u0142yw cz\u0142owieka na wody podziemne w obr\u0119bie Warszawy.<\/p>\r\n<p>Projekt realizowany jest przy wsparciu firmy\u00a0<a href=\"https:\/\/exaqua.com\/pl\/\">Exaqua<\/a><\/p>\r\n<p><img loading=\"lazy\" decoding=\"async\" class=\"aligncenter wp-image-2664 size-large\" src=\"https:\/\/kgf.wgsr.uw.edu.pl\/wp-content\/uploads\/2024\/01\/Poster-Zrodla-717x1024.png\" alt=\"\" width=\"717\" height=\"1024\" srcset=\"https:\/\/kgf.wgsr.uw.edu.pl\/wp-content\/uploads\/2024\/01\/Poster-Zrodla-717x1024.png 717w, https:\/\/kgf.wgsr.uw.edu.pl\/wp-content\/uploads\/2024\/01\/Poster-Zrodla-210x300.png 210w, https:\/\/kgf.wgsr.uw.edu.pl\/wp-content\/uploads\/2024\/01\/Poster-Zrodla-768x1097.png 768w, https:\/\/kgf.wgsr.uw.edu.pl\/wp-content\/uploads\/2024\/01\/Poster-Zrodla-1075x1536.png 1075w, https:\/\/kgf.wgsr.uw.edu.pl\/wp-content\/uploads\/2024\/01\/Poster-Zrodla.png 1323w\" sizes=\"auto, (max-width: 717px) 100vw, 717px\" \/><\/p>\r\n<h3>\u00a0<strong>Prezentacja posteru:<\/strong><\/h3>\r\n<ul>\r\n<li>I. Dmowski, K. Kurpios, W. Derentowicz, J. Gomu\u0142a, A. Had\u0142o, J. Jurkiewicz, S. Kowalewski, N. Krawczy\u0144ska, A. Rek, M. Staszak, A. Szymczak, F. Wicherkiewicz, M. \u0141aszewski, J. Sucho\u017cebrski. Przestrzenne zr\u00f3\u017cnicowanie cech fizyczno-chemicznych \u017ar\u00f3de\u0142 Skarpy Warszawskiej. <em>XII Og\u00f3lnopolska Konferencja Naukowa M\u0142odych Badaczy pt. Wsp\u00f3\u0142czesne problemy i kierunki badawcze w geografii<\/em>, 20-22 pa\u017adziernika 2023 r., Krak\u00f3w, Instytut Geografii i Gospodarki Przestrzennej Uniwersytetu Jagiello\u0144skiego.\u00a0<\/li>\r\n<\/ul>\r\n<h3>\u00a0<strong>Publikacja:<\/strong><\/h3>\r\n<ul>\r\n<li>\u0141aszewski M.,\u00a0Sucho\u017cebrski J.,\u00a0Dmowski I.,\u00a0Staszak M. (2025). Small springs in a big city: Status, stressors, and long-term changes of their water properties across Warsaw.\u00a0<em>Journal of Water and Land Development<\/em>, 65 (IV\u2013VI): 15\u201323.\u00a0<a href=\"https:\/\/journals.pan.pl\/dlibra\/publication\/154246\/edition\/134813\/\">DOI: 10.24425\/jwld.2025.154246)<\/a><\/li>\r\n<\/ul>\r\n<h2><strong>Charakterystyka hydrologiczna wybranych \u017ar\u00f3de\u0142 Doliny Bia\u0142obrzeskiej (rok akademicki 2021\/22)<\/strong><\/h2>\r\n<p>W ramach projektu prowadzono badania krenologiczne \u017ar\u00f3de\u0142 skarpy erozyjnej Pilicy, zlokalizowanych w rejonie Nowego Miasta nad Pilic\u0105, kt\u00f3re obj\u0119\u0142y regularne pomiary wydatku oraz podstawowych cech fizyczno-chemicznych ich w\u00f3d. Wykonano tak\u017ce dwukrotnie pe\u0142ne analizy sk\u0142adu chemicznego wody. Otrzymane wyniki wskazuj\u0105 na wyra\u017ane zr\u00f3\u017cnicowanie przestrzenne sk\u0142adu chemicznego, zale\u017cne od po\u0142o\u017cenia \u017ar\u00f3d\u0142a w stosunku do miasta. Publikacja podsumowuj\u0105ca badania \u017ar\u00f3de\u0142 Nowego Miasta nad Pilic\u0105 jest w przygotowaniu.\u00a0<\/p>\r\n<h3><strong>Referaty:<\/strong><\/h3>\r\n<ul>\r\n<li>W. Skorupa, K. St\u0119pniewski, J. Kapla, P. Kowalczyk, W. Malinowska, A. Sobkowicz, K. \u017baba, M. \u0141aszewski, Cechy fizyczno-chemiczne w\u00f3d \u017ar\u00f3de\u0142 okolic Nowego Miasta nad Pilic\u0105. <em>XII Og\u00f3lnopolska Konferencja Naukowa M\u0142odych Badaczy pt. Wsp\u00f3\u0142czesne problemy i kierunki badawcze w geografii<\/em>, 20-22 pa\u017adziernika 2023 r., Krak\u00f3w, Instytut Geografii i Gospodarki Przestrzennej Uniwersytetu Jagiello\u0144skiego.\u00a0<\/li>\r\n<li>W. Malinowska, K. St\u0119pniewski, W. Skorupa, J. Kapla, P. Kowalczyk, A. Sobkowicz, K. \u017baba, M. \u0141aszewski, Charakterystyka hydrologiczna \u017ar\u00f3de\u0142 w rejonie Nowego Miasta nad Pilic\u0105. <em>VII Og\u00f3lnopolska Konferencja Naukowa z okazji \u015awiatowego Dnia Wody<\/em>, 7 czerwca 2023 r., Pozna\u0144, Wydzia\u0142 Nauk Geograficznych i Geologicznych Uniwersytetu im. Adama Mickiewicza.<\/li>\r\n<li>W. Malinowska, N. Baran, J. Kapla, N. Kluczy\u0144ska, A. Sobkowicz, K. St\u0119pniewski, K. Wolan, \u0179r\u00f3d\u0142a skarpy erozyjnej Pilicy w Dolinie Bia\u0142obrzeskiej. <em>VI Og\u00f3lnopolska Konferencja Naukowa z okazji \u015awiatowego Dnia Wody<\/em>, 2 czerwca 2022 r., Pozna\u0144, Wydzia\u0142 Nauk Geograficznych i Geologicznych Uniwersytetu im. Adama Mickiewicza.<\/li>\r\n<\/ul>\r\n<h2><strong>Fizycznogeograficzne uwarunkowania cech ustroju termicznego w\u00f3d p\u0142yn\u0105cych w zlewni Wkry (rok akademicki 2020\/21)<\/strong><\/h2>\r\n<p>Projekt obejmowa\u0142 ca\u0142oroczny monitoring temperatury 26 dop\u0142yw\u00f3w Wkry oraz powi\u0105zanie ich cech termicznych z parametrami \u015brodowiskowymi zlewni. Uzyskany materia\u0142 empiryczny umo\u017cliwi\u0142 m. in. ocen\u0119 wewn\u0105trzdobowej dynamiki temperatury wody i jej zr\u00f3\u017cnicowania sezonowo-przestrzennego, istotn\u0105 z punktu widzenia ekologicznego. Udokumentowano r\u00f3wnie\u017c znacz\u0105cy wp\u0142yw wybranych parametr\u00f3w zlewni, obliczonych na podstawie danych przestrzennych, na kszta\u0142towanie cech ustroju termicznego.\u00a0<\/p>\r\n<h3><strong>Publikacje:\u00a0<\/strong><\/h3>\r\n<ul>\r\n<li>Skorupa W.,\u00a0\u0141aszewski M.\u00a0(2023) Spatial and seasonal variability of sub-daily water temperature dynamics in the lowland agricultural catchment of the Wkra River.\u00a0<em>Journal of Water and Land Development<\/em>, 59, 153-163.\u00a0<strong>Link<\/strong>:\u00a0<a href=\"https:\/\/www.jwld.pl\/files\/2023-04-JWLD-19.pdf\">https:\/\/www.jwld.pl\/files\/2023-04-JWLD-19.pdf<\/a><\/li>\r\n<li>Skorupa W., \u0141aszewski M., Wewn\u0105trzdobowa dynamika temperatury ciek\u00f3w nizinnych w\u00a0okresie zimowym na przyk\u0142adzie dop\u0142yw\u00f3w Wkry. W: Wrzesi\u0144ski D., Graf R., Perz A., (red.):\u00a0<em>Naturalne i antropogeniczne zmiany obiegu wody. Ilo\u015bciowe i\u00a0jako\u015bciowe badania w\u00f3d.<\/em>\u00a0Bogucki Wyd. Nauk., Pozna\u0144 2021.\u00a0<strong>Link<\/strong>:\u00a0<a href=\"https:\/\/www.researchgate.net\/profile\/Adam-Perz\/publication\/360643352_Naturalne_i_antropogeniczne_zmiany_obiegu_wody_Ilosciowe_i_jakosciowe_badania_wod\/links\/628376977a08f263d5528354\/Naturalne-i-antropogeniczne-zmiany-obiegu-wody-Ilosciowe-i-jakosciowe-badania-wod.pdf#page=42\">https:\/\/www.researchgate.net\/profile\/Adam-Perz\/publication\/360643352_Naturalne_i_antropogeniczne_zmiany_obiegu_wody_Ilosciowe_i_jakosciowe_badania_wod\/links\/628376977a08f263d5528354\/Naturalne-i-antropogeniczne-zmiany-obiegu-wody-Ilosciowe-i-jakosciowe-badania-wod.pdf#page=42<\/a><\/li>\r\n<\/ul>\r\n<h3><strong>Referaty:<\/strong><\/h3>\r\n<ul>\r\n<li>M. \u0141aszewski, A. Br\u00f3\u017c, K. Kapelewska, W. Malinowska, W. Michalska, W. Skorupa, S. S\u0142y\u015b, M. Stachecka, M. Waku\u0142a, Przestrzenne i sezonowe zr\u00f3\u017cnicowanie cech ustroju termicznego dop\u0142yw\u00f3w Wkry. <em>VI Og\u00f3lnopolska Konferencja Naukowa z okazji \u015awiatowego Dnia Wody,<\/em>2 czerwca 2022 r., Pozna\u0144, Wydzia\u0142 Nauk Geograficznych i Geologicznych Uniwersytetu im. Adama Mickiewicza.<\/li>\r\n<li>W. Skorupa, Zr\u00f3\u017cnicowanie wewn\u0105trzdobowej dynamiki temperatury wody ciek\u00f3w nizinnych na przyk\u0142adzie dop\u0142yw\u00f3w Wkry. <em>VI Og\u00f3lnopolska Konferencja Naukowa z okazji \u015awiatowego Dnia Wody<\/em>, 2 czerwca 2022 r., Pozna\u0144, Wydzia\u0142 Nauk Geograficznych i Geologicznych Uniwersytetu im. Adama Mickiewicza.<\/li>\r\n<li>M. \u0141aszewski, W. Skorupa, S. Go\u0142aszewska, A. Br\u00f3\u017c, W. Michalska, Czasowo-przestrzenne zr\u00f3\u017cnicowanie temperatury ciek\u00f3w nizinnych w okresie zimowym na przyk\u0142adzie zlewni Wkry. <em>V Og\u00f3lnopolska Konferencja Naukowa z okazji \u015awiatowego Dnia Wody<\/em>, 11 czerwca 2021 r., Pozna\u0144, Wydzia\u0142 Nauk Geograficznych i Geologicznych Uniwersytetu im. Adama Mickiewicza.<\/li>\r\n<\/ul>\r\n<h2><strong>Wp\u0142yw cech fizycznogeograficznych na przestrzenne zr\u00f3\u017cnicowanie wybranych parametr\u00f3w fizyczno-chemicznych w\u00f3d w zlewni \u015awidra (rok akademicki 2019\/20)<\/strong><\/h2>\r\n<p>G\u0142\u00f3wnym celem projektu by\u0142a ocena wp\u0142ywu pokrycia terenu zlewni oraz stref buforowych na st\u0119\u017cenia zwi\u0105zk\u00f3w azotu i fosforu w wybranych dop\u0142ywach \u015awidra. Zakres projektu obejmowa\u0142 prace terenowe, oznaczenia laboratoryjne oraz analizy przestrzenne i statystyczne. Wyniki bada\u0144 wskaza\u0142y, i\u017c u\u017cytki rolne i lasy mia\u0142y wyra\u017any sezonowy wp\u0142yw na st\u0119\u017cenia azotan\u00f3w w dop\u0142ywach \u015awidra, natomiast st\u0119\u017cenia fosforan\u00f3w nie by\u0142y istotnie powi\u0105zane ze wska\u017anikami pokrycia terenu, gdy\u017c ich dynamika by\u0142a uwarunkowana g\u0142\u00f3wnie warunkami hydrologicznymi.\u00a0<\/p>\r\n<h3><strong>Publikacje:<\/strong><\/h3>\r\n<ul>\r\n<li>\u0141aszewski M, Fedorczyk M, Go\u0142aszewska S, Kieliszek Z, Maciejewska P, Miksa J, Zacharkiewicz W., 2021, Land Cover Effects on Selected Nutrient Compounds in Small Lowland Agricultural Catchments.\u00a0<em>Land<\/em>, 10(2):182.\u00a0<strong>Link<\/strong>:\u00a0<a href=\"https:\/\/www.mdpi.com\/2073-445X\/10\/2\/182\">https:\/\/www.mdpi.com\/2073-445X\/10\/2\/182<\/a><\/li>\r\n<li>Fedorczyk M., Go\u0142aszewska S., Kieliszek Z., Maciejewska P., Miksa J., Zacharkiewicz W., \u0141aszewski M., Przestrzenne zr\u00f3\u017cnicowanie st\u0119\u017cenia zwi\u0105zk\u00f3w biogennych w zlewni nizinnej podczas suszy w 2019 r. W: Wrzesi\u0144ski D., Graf R., Perz A., Plewa K. (red.): Naturalne i antropogeniczne zmiany obiegu wody. Wsp\u00f3\u0142czesne problemy i kierunki bada\u0144. Bogucki Wyd. Nauk., Pozna\u0144, 2020.\u00a0<strong>Link<\/strong>:\u00a0<a href=\"http:\/\/hydrolog.home.amu.edu.pl\/img\/Hydrologia_2020_web.pdf\">http:\/\/hydrolog.home.amu.edu.pl\/img\/Hydrologia_2020_web.pdf<\/a><\/li>\r\n<\/ul>\r\n<h3><strong>Prezentacja posteru:<\/strong><\/h3>\r\n<ul>\r\n<li>M. Fedorczyk, S. Go\u0142aszewska, Z. Kieliszek, P. Maciejewska, J. Miksa, W. Zacharkiewicz, M. \u0141aszewski, Przestrzenne zr\u00f3\u017cnicowanie st\u0119\u017cenia zwi\u0105zk\u00f3w biogennych w zlewni nizinnej podczas suszy w 2019 roku. <em>IV Og\u00f3lnopolska Konferencja Hydrologiczna z okazji \u015awiatowego Dnia Wody<\/em>, 12 grudnia 2020 r., Pozna\u0144, Wydzia\u0142 Nauk Geograficznych i Geologicznych Uniwersytetu im. Adama Mickiewicza.<\/li>\r\n<\/ul>\r\n<h2><strong>Przestrzenne zr\u00f3\u017cnicowanie parametr\u00f3w fizyczno-chemicznych w\u00f3d Potoku S\u0142u\u017cewieckiego (rok akademicki 2018\/19)<\/strong><\/h2>\r\n<p>Projekt mia\u0142 na celu rozpoznanie zmian podstawowych cech fizyczno-chemicznych wody w biegu Potoku S\u0142u\u017cewieckiego, odznaczaj\u0105cego si\u0119 silnym przekszta\u0142ceniem antropogenicznym zlewni. Wyniki bada\u0144 wskaza\u0142y, i\u017c g\u0142\u00f3wn\u0105 przyczyn\u0105 przestrzennego zr\u00f3\u017cnicowania re\u017cimu fizyczno-chemicznego Potoku S\u0142u\u017cewieckiego s\u0105 przep\u0142ywowe zbiorniki wodne, powoduj\u0105ce przekszta\u0142cenie warunk\u00f3w termiczno-tlenowych oraz unieruchomienie jon\u00f3w. Wyra\u017any wp\u0142yw na jako\u015b\u0107 w\u00f3d badanego w projekcie cieku mia\u0142y tak\u017ce jego dop\u0142ywy oraz funkcjonowanie lotniskowej oczyszczalni w\u00f3d opadowych. Potwierdzono r\u00f3wnie\u017c wyra\u017ane sezonowe zr\u00f3\u017cnicowanie cech fizyczno-chemicznych, uzale\u017cnione od warunk\u00f3w meteorologicznych i hydrologicznych, cyklu wegetacyjnego organizm\u00f3w fotosyntetyzuj\u0105cych oraz zmian antropopresji.\u00a0<\/p>\r\n<h3><strong>Publikacja:<\/strong><\/h3>\r\n<ul>\r\n<li>Hala\u015b A., Czarnecka K., Piasecki K., \u0141aszewski M., 2019, Przestrzenne i sezonowe zr\u00f3\u017cnicowanie wybranych parametr\u00f3w jako\u015bci wody w zlewni zurbanizowanej na przyk\u0142adzie Potoku S\u0142u\u017cewieckiego.\u00a0<em>Przegl\u0105d Geograficzny<\/em>, 91(1), 121-138.\u00a0<strong>Link<\/strong>:\u00a0<a href=\"https:\/\/rcin.org.pl\/igipz\/Content\/70400\/WA51_91971_r2019-t91-z1_Przeg-Geogr-Halas.pdf\">https:\/\/rcin.org.pl\/igipz\/Content\/70400\/WA51_91971_r2019-t91-z1_Przeg-Geogr-Halas.pdf<\/a><\/li>\r\n<\/ul>\r\n<h3><strong>Referat:<\/strong><\/h3>\r\n<ul>\r\n<li>M. \u0141aszewski, K. Czarnecka, A. Hala\u015b, K. Piasecki, Przestrzenne zr\u00f3\u017cnicowanie podstawowych cech fizyczno-chemicznych w\u00f3d w zlewni zurbanizowanej \u2013 studium przypadku Potoku S\u0142u\u017cewieckiego. <em>VII Og\u00f3lnopolska Konferencja Naukowa M\u0142odych Badaczy pt. \u201ePerspektywy bada\u0144 \u015brodowiska geograficznego\u201d,<\/em>19-21 pa\u017adziernika 2018 r., Krak\u00f3w, Instytut Geografii i Gospodarki Przestrzennej, Uniwersytet Jagiello\u0144ski.<\/li>\r\n<\/ul>\r\n","protected":false},"excerpt":{"rendered":"<p>O projektach Studenckie projekty badawcze to zindywidualizowana forma kszta\u0142cenia na WGSR UW, kt\u00f3r\u0105 zainicjowali\u015bmy w 2018 roku. Nowoczesna dydaktyka powinna wychodzi\u0107 poza szablon tradycyjnych zaj\u0119\u0107, pozwalaj\u0105c budowa\u0107 kompetencje badawcze oraz umiej\u0119tno\u015b\u0107 pracy zespo\u0142owej student\u00f3w. To r\u00f3wnie\u017c znakomita forma poszerzenia wiedzy oraz mi\u0142ego sp\u0119dzenia czasu. Ka\u017cdy studencki projekt badawczy odznacza si\u0119 w\u0142asn\u0105 specyfik\u0105, uzale\u017cnion\u0105 od wybranego [&hellip;]<\/p>\n","protected":false},"author":2,"featured_media":0,"parent":356,"menu_order":0,"comment_status":"closed","ping_status":"closed","template":"","meta":{"footnotes":""},"class_list":["post-761","page","type-page","status-publish","czr-hentry"],"yoast_head":"<!-- This site is optimized with the Yoast SEO plugin v27.4 - https:\/\/yoast.com\/product\/yoast-seo-wordpress\/ -->\n<title>Studenckie projekty badawcze z hydrologii - Katedra Geografii Fizycznej, Wydzia\u0142 Geografii i Studi\u00f3w Regionalnych UW<\/title>\n<meta name=\"robots\" content=\"index, follow, max-snippet:-1, max-image-preview:large, max-video-preview:-1\" \/>\n<link rel=\"canonical\" href=\"https:\/\/kgf.wgsr.uw.edu.pl\/?page_id=761\" \/>\n<meta property=\"og:locale\" content=\"pl_PL\" \/>\n<meta property=\"og:type\" content=\"article\" \/>\n<meta property=\"og:title\" content=\"Studenckie projekty badawcze z hydrologii - Katedra Geografii Fizycznej, Wydzia\u0142 Geografii i Studi\u00f3w Regionalnych UW\" \/>\n<meta property=\"og:description\" content=\"O projektach Studenckie projekty badawcze to zindywidualizowana forma kszta\u0142cenia na WGSR UW, kt\u00f3r\u0105 zainicjowali\u015bmy w 2018 roku. Nowoczesna dydaktyka powinna wychodzi\u0107 poza szablon tradycyjnych zaj\u0119\u0107, pozwalaj\u0105c budowa\u0107 kompetencje badawcze oraz umiej\u0119tno\u015b\u0107 pracy zespo\u0142owej student\u00f3w. To r\u00f3wnie\u017c znakomita forma poszerzenia wiedzy oraz mi\u0142ego sp\u0119dzenia czasu. Ka\u017cdy studencki projekt badawczy odznacza si\u0119 w\u0142asn\u0105 specyfik\u0105, uzale\u017cnion\u0105 od wybranego [&hellip;]\" \/>\n<meta property=\"og:url\" content=\"https:\/\/kgf.wgsr.uw.edu.pl\/?page_id=761\" \/>\n<meta property=\"og:site_name\" content=\"Katedra Geografii Fizycznej, Wydzia\u0142 Geografii i Studi\u00f3w Regionalnych UW\" \/>\n<meta property=\"article:modified_time\" content=\"2025-12-05T12:33:42+00:00\" \/>\n<meta property=\"og:image\" content=\"https:\/\/kgf.wgsr.uw.edu.pl\/wp-content\/uploads\/2025\/10\/Poster-Jeziorka-1-717x1024.png\" \/>\n<meta name=\"twitter:card\" content=\"summary_large_image\" \/>\n<meta name=\"twitter:label1\" content=\"Szacowany czas czytania\" \/>\n\t<meta name=\"twitter:data1\" content=\"14 minut\" \/>\n<script type=\"application\/ld+json\" class=\"yoast-schema-graph\">{\"@context\":\"https:\\\/\\\/schema.org\",\"@graph\":[{\"@type\":\"WebPage\",\"@id\":\"https:\\\/\\\/kgf.wgsr.uw.edu.pl\\\/?page_id=761\",\"url\":\"https:\\\/\\\/kgf.wgsr.uw.edu.pl\\\/?page_id=761\",\"name\":\"Studenckie projekty badawcze z hydrologii - Katedra Geografii Fizycznej, Wydzia\u0142 Geografii i Studi\u00f3w Regionalnych UW\",\"isPartOf\":{\"@id\":\"https:\\\/\\\/kgf.wgsr.uw.edu.pl\\\/#website\"},\"primaryImageOfPage\":{\"@id\":\"https:\\\/\\\/kgf.wgsr.uw.edu.pl\\\/?page_id=761#primaryimage\"},\"image\":{\"@id\":\"https:\\\/\\\/kgf.wgsr.uw.edu.pl\\\/?page_id=761#primaryimage\"},\"thumbnailUrl\":\"https:\\\/\\\/kgf.wgsr.uw.edu.pl\\\/wp-content\\\/uploads\\\/2025\\\/10\\\/Poster-Jeziorka-1-717x1024.png\",\"datePublished\":\"2021-04-20T07:39:07+00:00\",\"dateModified\":\"2025-12-05T12:33:42+00:00\",\"breadcrumb\":{\"@id\":\"https:\\\/\\\/kgf.wgsr.uw.edu.pl\\\/?page_id=761#breadcrumb\"},\"inLanguage\":\"pl-PL\",\"potentialAction\":[{\"@type\":\"ReadAction\",\"target\":[\"https:\\\/\\\/kgf.wgsr.uw.edu.pl\\\/?page_id=761\"]}]},{\"@type\":\"ImageObject\",\"inLanguage\":\"pl-PL\",\"@id\":\"https:\\\/\\\/kgf.wgsr.uw.edu.pl\\\/?page_id=761#primaryimage\",\"url\":\"https:\\\/\\\/kgf.wgsr.uw.edu.pl\\\/wp-content\\\/uploads\\\/2025\\\/10\\\/Poster-Jeziorka-1-scaled.png\",\"contentUrl\":\"https:\\\/\\\/kgf.wgsr.uw.edu.pl\\\/wp-content\\\/uploads\\\/2025\\\/10\\\/Poster-Jeziorka-1-scaled.png\",\"width\":1792,\"height\":2560},{\"@type\":\"BreadcrumbList\",\"@id\":\"https:\\\/\\\/kgf.wgsr.uw.edu.pl\\\/?page_id=761#breadcrumb\",\"itemListElement\":[{\"@type\":\"ListItem\",\"position\":1,\"name\":\"Strona g\u0142\u00f3wna\",\"item\":\"https:\\\/\\\/kgf.wgsr.uw.edu.pl\\\/\"},{\"@type\":\"ListItem\",\"position\":2,\"name\":\"Zak\u0142ad Hydrologii\",\"item\":\"https:\\\/\\\/kgf.wgsr.uw.edu.pl\\\/?page_id=89\"},{\"@type\":\"ListItem\",\"position\":3,\"name\":\"Dydaktyka\",\"item\":\"https:\\\/\\\/kgf.wgsr.uw.edu.pl\\\/?page_id=356\"},{\"@type\":\"ListItem\",\"position\":4,\"name\":\"Studenckie projekty badawcze z hydrologii\"}]},{\"@type\":\"WebSite\",\"@id\":\"https:\\\/\\\/kgf.wgsr.uw.edu.pl\\\/#website\",\"url\":\"https:\\\/\\\/kgf.wgsr.uw.edu.pl\\\/\",\"name\":\"Katedra Geografii Fizycznej, Wydzia\u0142 Geografii i Studi\u00f3w Regionalnych UW\",\"description\":\"\",\"publisher\":{\"@id\":\"https:\\\/\\\/kgf.wgsr.uw.edu.pl\\\/#organization\"},\"potentialAction\":[{\"@type\":\"SearchAction\",\"target\":{\"@type\":\"EntryPoint\",\"urlTemplate\":\"https:\\\/\\\/kgf.wgsr.uw.edu.pl\\\/?s={search_term_string}\"},\"query-input\":{\"@type\":\"PropertyValueSpecification\",\"valueRequired\":true,\"valueName\":\"search_term_string\"}}],\"inLanguage\":\"pl-PL\"},{\"@type\":\"Organization\",\"@id\":\"https:\\\/\\\/kgf.wgsr.uw.edu.pl\\\/#organization\",\"name\":\"Katedra Geografii Fizycznej, Wydzia\u0142 Geografii i Studi\u00f3w Regionalnych UW\",\"url\":\"https:\\\/\\\/kgf.wgsr.uw.edu.pl\\\/\",\"logo\":{\"@type\":\"ImageObject\",\"inLanguage\":\"pl-PL\",\"@id\":\"https:\\\/\\\/kgf.wgsr.uw.edu.pl\\\/#\\\/schema\\\/logo\\\/image\\\/\",\"url\":\"https:\\\/\\\/kgf.wgsr.uw.edu.pl\\\/wp-content\\\/uploads\\\/2023\\\/08\\\/cropped-Katedra.png\",\"contentUrl\":\"https:\\\/\\\/kgf.wgsr.uw.edu.pl\\\/wp-content\\\/uploads\\\/2023\\\/08\\\/cropped-Katedra.png\",\"width\":1230,\"height\":328,\"caption\":\"Katedra Geografii Fizycznej, Wydzia\u0142 Geografii i Studi\u00f3w Regionalnych UW\"},\"image\":{\"@id\":\"https:\\\/\\\/kgf.wgsr.uw.edu.pl\\\/#\\\/schema\\\/logo\\\/image\\\/\"}}]}<\/script>\n<!-- \/ Yoast SEO plugin. -->","yoast_head_json":{"title":"Studenckie projekty badawcze z hydrologii - Katedra Geografii Fizycznej, Wydzia\u0142 Geografii i Studi\u00f3w Regionalnych UW","robots":{"index":"index","follow":"follow","max-snippet":"max-snippet:-1","max-image-preview":"max-image-preview:large","max-video-preview":"max-video-preview:-1"},"canonical":"https:\/\/kgf.wgsr.uw.edu.pl\/?page_id=761","og_locale":"pl_PL","og_type":"article","og_title":"Studenckie projekty badawcze z hydrologii - Katedra Geografii Fizycznej, Wydzia\u0142 Geografii i Studi\u00f3w Regionalnych UW","og_description":"O projektach Studenckie projekty badawcze to zindywidualizowana forma kszta\u0142cenia na WGSR UW, kt\u00f3r\u0105 zainicjowali\u015bmy w 2018 roku. Nowoczesna dydaktyka powinna wychodzi\u0107 poza szablon tradycyjnych zaj\u0119\u0107, pozwalaj\u0105c budowa\u0107 kompetencje badawcze oraz umiej\u0119tno\u015b\u0107 pracy zespo\u0142owej student\u00f3w. To r\u00f3wnie\u017c znakomita forma poszerzenia wiedzy oraz mi\u0142ego sp\u0119dzenia czasu. Ka\u017cdy studencki projekt badawczy odznacza si\u0119 w\u0142asn\u0105 specyfik\u0105, uzale\u017cnion\u0105 od wybranego [&hellip;]","og_url":"https:\/\/kgf.wgsr.uw.edu.pl\/?page_id=761","og_site_name":"Katedra Geografii Fizycznej, Wydzia\u0142 Geografii i Studi\u00f3w Regionalnych UW","article_modified_time":"2025-12-05T12:33:42+00:00","og_image":[{"url":"https:\/\/kgf.wgsr.uw.edu.pl\/wp-content\/uploads\/2025\/10\/Poster-Jeziorka-1-717x1024.png","type":"","width":"","height":""}],"twitter_card":"summary_large_image","twitter_misc":{"Szacowany czas czytania":"14 minut"},"schema":{"@context":"https:\/\/schema.org","@graph":[{"@type":"WebPage","@id":"https:\/\/kgf.wgsr.uw.edu.pl\/?page_id=761","url":"https:\/\/kgf.wgsr.uw.edu.pl\/?page_id=761","name":"Studenckie projekty badawcze z hydrologii - Katedra Geografii Fizycznej, Wydzia\u0142 Geografii i Studi\u00f3w Regionalnych UW","isPartOf":{"@id":"https:\/\/kgf.wgsr.uw.edu.pl\/#website"},"primaryImageOfPage":{"@id":"https:\/\/kgf.wgsr.uw.edu.pl\/?page_id=761#primaryimage"},"image":{"@id":"https:\/\/kgf.wgsr.uw.edu.pl\/?page_id=761#primaryimage"},"thumbnailUrl":"https:\/\/kgf.wgsr.uw.edu.pl\/wp-content\/uploads\/2025\/10\/Poster-Jeziorka-1-717x1024.png","datePublished":"2021-04-20T07:39:07+00:00","dateModified":"2025-12-05T12:33:42+00:00","breadcrumb":{"@id":"https:\/\/kgf.wgsr.uw.edu.pl\/?page_id=761#breadcrumb"},"inLanguage":"pl-PL","potentialAction":[{"@type":"ReadAction","target":["https:\/\/kgf.wgsr.uw.edu.pl\/?page_id=761"]}]},{"@type":"ImageObject","inLanguage":"pl-PL","@id":"https:\/\/kgf.wgsr.uw.edu.pl\/?page_id=761#primaryimage","url":"https:\/\/kgf.wgsr.uw.edu.pl\/wp-content\/uploads\/2025\/10\/Poster-Jeziorka-1-scaled.png","contentUrl":"https:\/\/kgf.wgsr.uw.edu.pl\/wp-content\/uploads\/2025\/10\/Poster-Jeziorka-1-scaled.png","width":1792,"height":2560},{"@type":"BreadcrumbList","@id":"https:\/\/kgf.wgsr.uw.edu.pl\/?page_id=761#breadcrumb","itemListElement":[{"@type":"ListItem","position":1,"name":"Strona g\u0142\u00f3wna","item":"https:\/\/kgf.wgsr.uw.edu.pl\/"},{"@type":"ListItem","position":2,"name":"Zak\u0142ad Hydrologii","item":"https:\/\/kgf.wgsr.uw.edu.pl\/?page_id=89"},{"@type":"ListItem","position":3,"name":"Dydaktyka","item":"https:\/\/kgf.wgsr.uw.edu.pl\/?page_id=356"},{"@type":"ListItem","position":4,"name":"Studenckie projekty badawcze z hydrologii"}]},{"@type":"WebSite","@id":"https:\/\/kgf.wgsr.uw.edu.pl\/#website","url":"https:\/\/kgf.wgsr.uw.edu.pl\/","name":"Katedra Geografii Fizycznej, Wydzia\u0142 Geografii i Studi\u00f3w Regionalnych UW","description":"","publisher":{"@id":"https:\/\/kgf.wgsr.uw.edu.pl\/#organization"},"potentialAction":[{"@type":"SearchAction","target":{"@type":"EntryPoint","urlTemplate":"https:\/\/kgf.wgsr.uw.edu.pl\/?s={search_term_string}"},"query-input":{"@type":"PropertyValueSpecification","valueRequired":true,"valueName":"search_term_string"}}],"inLanguage":"pl-PL"},{"@type":"Organization","@id":"https:\/\/kgf.wgsr.uw.edu.pl\/#organization","name":"Katedra Geografii Fizycznej, Wydzia\u0142 Geografii i Studi\u00f3w Regionalnych UW","url":"https:\/\/kgf.wgsr.uw.edu.pl\/","logo":{"@type":"ImageObject","inLanguage":"pl-PL","@id":"https:\/\/kgf.wgsr.uw.edu.pl\/#\/schema\/logo\/image\/","url":"https:\/\/kgf.wgsr.uw.edu.pl\/wp-content\/uploads\/2023\/08\/cropped-Katedra.png","contentUrl":"https:\/\/kgf.wgsr.uw.edu.pl\/wp-content\/uploads\/2023\/08\/cropped-Katedra.png","width":1230,"height":328,"caption":"Katedra Geografii Fizycznej, Wydzia\u0142 Geografii i Studi\u00f3w Regionalnych UW"},"image":{"@id":"https:\/\/kgf.wgsr.uw.edu.pl\/#\/schema\/logo\/image\/"}}]}},"_links":{"self":[{"href":"https:\/\/kgf.wgsr.uw.edu.pl\/index.php?rest_route=\/wp\/v2\/pages\/761","targetHints":{"allow":["GET"]}}],"collection":[{"href":"https:\/\/kgf.wgsr.uw.edu.pl\/index.php?rest_route=\/wp\/v2\/pages"}],"about":[{"href":"https:\/\/kgf.wgsr.uw.edu.pl\/index.php?rest_route=\/wp\/v2\/types\/page"}],"author":[{"embeddable":true,"href":"https:\/\/kgf.wgsr.uw.edu.pl\/index.php?rest_route=\/wp\/v2\/users\/2"}],"replies":[{"embeddable":true,"href":"https:\/\/kgf.wgsr.uw.edu.pl\/index.php?rest_route=%2Fwp%2Fv2%2Fcomments&post=761"}],"version-history":[{"count":53,"href":"https:\/\/kgf.wgsr.uw.edu.pl\/index.php?rest_route=\/wp\/v2\/pages\/761\/revisions"}],"predecessor-version":[{"id":3289,"href":"https:\/\/kgf.wgsr.uw.edu.pl\/index.php?rest_route=\/wp\/v2\/pages\/761\/revisions\/3289"}],"up":[{"embeddable":true,"href":"https:\/\/kgf.wgsr.uw.edu.pl\/index.php?rest_route=\/wp\/v2\/pages\/356"}],"wp:attachment":[{"href":"https:\/\/kgf.wgsr.uw.edu.pl\/index.php?rest_route=%2Fwp%2Fv2%2Fmedia&parent=761"}],"curies":[{"name":"wp","href":"https:\/\/api.w.org\/{rel}","templated":true}]}}