{"id":414,"date":"2021-03-23T11:15:02","date_gmt":"2021-03-23T10:15:02","guid":{"rendered":"https:\/\/wgsr.uw.edu.pl\/kgf\/?page_id=414"},"modified":"2021-03-23T11:15:02","modified_gmt":"2021-03-23T10:15:02","slug":"dzialalnosc-naukowa","status":"publish","type":"page","link":"https:\/\/kgf.wgsr.uw.edu.pl\/?page_id=414","title":{"rendered":"Dzia\u0142alno\u015b\u0107 naukowa"},"content":{"rendered":"\n<p><strong>Problematyka badawcza<\/strong>:<\/p>\n\n\n\n<ul class=\"wp-block-list\"><li>wsp\u00f3\u0142czesne procesy rze\u017abotw\u00f3rcze w r\u00f3\u017cnych strefach morfoklimatycznych,<\/li><li>rekonstrukcja dynamiki proces\u00f3w poprzez analiz\u0119 zapisu w rze\u017abie i osadach,<\/li><li>wp\u0142yw cz\u0142owieka na \u015brodowisko w pradziejach, czasach historycznych i wsp\u00f3\u0142cze\u015bnie,<\/li><li>metale ci\u0119\u017ckie w r\u00f3\u017cnych \u015brodowiskach sedymentacyjnych,<\/li><li>cechy teksturalne osad\u00f3w fluwialnych,<\/li><li>paleogeografia holocenu Mazowsza, Ziemi Sejne\u0144skiej, Ponidzia Pi\u0144czowskiego,<\/li><li>zapis dzia\u0142alno\u015bci cz\u0142owieka w \u015brodowisku przyrodniczym,<\/li><li>wsp\u00f3\u0142czesne procesy morfogenetyczne oraz ich uwarunkowania klimatyczne i strukturalne,<\/li><li>wp\u0142yw cz\u0142owieka na rze\u017ab\u0119 i procesy rze\u017abotw\u00f3rcze,<\/li><li>katastrofalne procesy rze\u017abotw\u00f3rcze i ich zwi\u0105zek z dzia\u0142alno\u015bci\u0105 cz\u0142owieka,<\/li><li>wp\u0142yw tektoniki na rze\u017ab\u0119,<\/li><li>wsp\u00f3\u0142czesne procesy rze\u017abotw\u00f3rcze w strefie peryglacjalnej \u2013 geneza grunt\u00f3w strukturalnych,<\/li><li>datowanie lichenometryczne,<\/li><li>kopalny zapis plejstoce\u0144skiego \u015brodowiska peryglacjalnego,<\/li><li>wykorzystanie zdj\u0119\u0107 lotniczych do rejestracji kopalnych poligon\u00f3w mrozowych,<\/li><li>proces sortowania rumowiska w profilu pod\u0142u\u017cnym i jego zapis w cechach strukturalnych i teksturalnych osad\u00f3w rzecznych (wsp\u00f3\u0142czesnych i kopalnych),<\/li><li>zapis warunk\u00f3w \u015brodowiska na powierzchni ziarn kwarcowych<\/li><li>wsp\u00f3\u0142czesne procesy morfogenetyczne,<\/li><li>rze\u017aba obszar\u00f3w g\u00f3rskich,<\/li><li>procesy ekstremalne i zdarzenia katastrofalne w \u015brodowisku przyrodniczym.<\/li><\/ul>\n\n\n\n<p>Badania naukowe pracownik\u00f3w koncentruj\u0105 si\u0119 na procesach glacjalnych, peryglacjalnych, eolicznych, fluwialnych, erozji gleby oraz r\u00f3\u017cnokierunkowej antropopresji. Obszary obj\u0119te badaniami to: Polska centralna i p\u00f3\u0142nocno-wschodnia oraz Tatry, p\u00f3\u0142nocna Afryka, Grecja, Ukraina, Islandia. Prowadzono r\u00f3wnie\u017c badania na Wyspach Zielonego Przyl\u0105dka, Spitsbergenie, w Uzbekistanie.<\/p>\n","protected":false},"excerpt":{"rendered":"<p>Problematyka badawcza: wsp\u00f3\u0142czesne procesy rze\u017abotw\u00f3rcze w r\u00f3\u017cnych strefach morfoklimatycznych, rekonstrukcja dynamiki proces\u00f3w poprzez analiz\u0119 zapisu w rze\u017abie i osadach, wp\u0142yw cz\u0142owieka na \u015brodowisko w pradziejach, czasach historycznych i wsp\u00f3\u0142cze\u015bnie, metale ci\u0119\u017ckie w r\u00f3\u017cnych \u015brodowiskach sedymentacyjnych, cechy teksturalne osad\u00f3w fluwialnych, paleogeografia holocenu Mazowsza, Ziemi Sejne\u0144skiej, Ponidzia Pi\u0144czowskiego, zapis dzia\u0142alno\u015bci cz\u0142owieka w \u015brodowisku przyrodniczym, wsp\u00f3\u0142czesne procesy morfogenetyczne [&hellip;]<\/p>\n","protected":false},"author":2,"featured_media":0,"parent":87,"menu_order":2,"comment_status":"closed","ping_status":"closed","template":"","meta":{"footnotes":""},"class_list":["post-414","page","type-page","status-publish","czr-hentry"],"yoast_head":"<!-- This site is optimized with the Yoast SEO plugin v27.4 - https:\/\/yoast.com\/product\/yoast-seo-wordpress\/ -->\n<title>Dzia\u0142alno\u015b\u0107 naukowa - Katedra Geografii Fizycznej, Wydzia\u0142 Geografii i Studi\u00f3w Regionalnych UW<\/title>\n<meta name=\"robots\" content=\"index, follow, max-snippet:-1, max-image-preview:large, max-video-preview:-1\" \/>\n<link rel=\"canonical\" href=\"https:\/\/kgf.wgsr.uw.edu.pl\/?page_id=414\" \/>\n<meta property=\"og:locale\" content=\"pl_PL\" \/>\n<meta property=\"og:type\" content=\"article\" \/>\n<meta property=\"og:title\" content=\"Dzia\u0142alno\u015b\u0107 naukowa - Katedra Geografii Fizycznej, Wydzia\u0142 Geografii i Studi\u00f3w Regionalnych UW\" \/>\n<meta property=\"og:description\" content=\"Problematyka badawcza: wsp\u00f3\u0142czesne procesy rze\u017abotw\u00f3rcze w r\u00f3\u017cnych strefach morfoklimatycznych, rekonstrukcja dynamiki proces\u00f3w poprzez analiz\u0119 zapisu w rze\u017abie i osadach, wp\u0142yw cz\u0142owieka na \u015brodowisko w pradziejach, czasach historycznych i wsp\u00f3\u0142cze\u015bnie, metale ci\u0119\u017ckie w r\u00f3\u017cnych \u015brodowiskach sedymentacyjnych, cechy teksturalne osad\u00f3w fluwialnych, paleogeografia holocenu Mazowsza, Ziemi Sejne\u0144skiej, Ponidzia Pi\u0144czowskiego, zapis dzia\u0142alno\u015bci cz\u0142owieka w \u015brodowisku przyrodniczym, wsp\u00f3\u0142czesne procesy morfogenetyczne [&hellip;]\" \/>\n<meta property=\"og:url\" content=\"https:\/\/kgf.wgsr.uw.edu.pl\/?page_id=414\" \/>\n<meta property=\"og:site_name\" content=\"Katedra Geografii Fizycznej, Wydzia\u0142 Geografii i Studi\u00f3w Regionalnych UW\" \/>\n<meta name=\"twitter:card\" content=\"summary_large_image\" \/>\n<meta name=\"twitter:label1\" content=\"Szacowany czas czytania\" \/>\n\t<meta name=\"twitter:data1\" content=\"1 minuta\" \/>\n<script type=\"application\/ld+json\" class=\"yoast-schema-graph\">{\"@context\":\"https:\\\/\\\/schema.org\",\"@graph\":[{\"@type\":\"WebPage\",\"@id\":\"https:\\\/\\\/kgf.wgsr.uw.edu.pl\\\/?page_id=414\",\"url\":\"https:\\\/\\\/kgf.wgsr.uw.edu.pl\\\/?page_id=414\",\"name\":\"Dzia\u0142alno\u015b\u0107 naukowa - Katedra Geografii Fizycznej, Wydzia\u0142 Geografii i Studi\u00f3w Regionalnych UW\",\"isPartOf\":{\"@id\":\"https:\\\/\\\/kgf.wgsr.uw.edu.pl\\\/#website\"},\"datePublished\":\"2021-03-23T10:15:02+00:00\",\"breadcrumb\":{\"@id\":\"https:\\\/\\\/kgf.wgsr.uw.edu.pl\\\/?page_id=414#breadcrumb\"},\"inLanguage\":\"pl-PL\",\"potentialAction\":[{\"@type\":\"ReadAction\",\"target\":[\"https:\\\/\\\/kgf.wgsr.uw.edu.pl\\\/?page_id=414\"]}]},{\"@type\":\"BreadcrumbList\",\"@id\":\"https:\\\/\\\/kgf.wgsr.uw.edu.pl\\\/?page_id=414#breadcrumb\",\"itemListElement\":[{\"@type\":\"ListItem\",\"position\":1,\"name\":\"Strona g\u0142\u00f3wna\",\"item\":\"https:\\\/\\\/kgf.wgsr.uw.edu.pl\\\/\"},{\"@type\":\"ListItem\",\"position\":2,\"name\":\"Zak\u0142ad Geomorfologii\",\"item\":\"https:\\\/\\\/kgf.wgsr.uw.edu.pl\\\/?page_id=87\"},{\"@type\":\"ListItem\",\"position\":3,\"name\":\"Dzia\u0142alno\u015b\u0107 naukowa\"}]},{\"@type\":\"WebSite\",\"@id\":\"https:\\\/\\\/kgf.wgsr.uw.edu.pl\\\/#website\",\"url\":\"https:\\\/\\\/kgf.wgsr.uw.edu.pl\\\/\",\"name\":\"Katedra Geografii Fizycznej, Wydzia\u0142 Geografii i Studi\u00f3w Regionalnych UW\",\"description\":\"\",\"publisher\":{\"@id\":\"https:\\\/\\\/kgf.wgsr.uw.edu.pl\\\/#organization\"},\"potentialAction\":[{\"@type\":\"SearchAction\",\"target\":{\"@type\":\"EntryPoint\",\"urlTemplate\":\"https:\\\/\\\/kgf.wgsr.uw.edu.pl\\\/?s={search_term_string}\"},\"query-input\":{\"@type\":\"PropertyValueSpecification\",\"valueRequired\":true,\"valueName\":\"search_term_string\"}}],\"inLanguage\":\"pl-PL\"},{\"@type\":\"Organization\",\"@id\":\"https:\\\/\\\/kgf.wgsr.uw.edu.pl\\\/#organization\",\"name\":\"Katedra Geografii Fizycznej, Wydzia\u0142 Geografii i Studi\u00f3w Regionalnych UW\",\"url\":\"https:\\\/\\\/kgf.wgsr.uw.edu.pl\\\/\",\"logo\":{\"@type\":\"ImageObject\",\"inLanguage\":\"pl-PL\",\"@id\":\"https:\\\/\\\/kgf.wgsr.uw.edu.pl\\\/#\\\/schema\\\/logo\\\/image\\\/\",\"url\":\"https:\\\/\\\/kgf.wgsr.uw.edu.pl\\\/wp-content\\\/uploads\\\/2023\\\/08\\\/cropped-Katedra.png\",\"contentUrl\":\"https:\\\/\\\/kgf.wgsr.uw.edu.pl\\\/wp-content\\\/uploads\\\/2023\\\/08\\\/cropped-Katedra.png\",\"width\":1230,\"height\":328,\"caption\":\"Katedra Geografii Fizycznej, Wydzia\u0142 Geografii i Studi\u00f3w Regionalnych UW\"},\"image\":{\"@id\":\"https:\\\/\\\/kgf.wgsr.uw.edu.pl\\\/#\\\/schema\\\/logo\\\/image\\\/\"}}]}<\/script>\n<!-- \/ Yoast SEO plugin. -->","yoast_head_json":{"title":"Dzia\u0142alno\u015b\u0107 naukowa - Katedra Geografii Fizycznej, Wydzia\u0142 Geografii i Studi\u00f3w Regionalnych UW","robots":{"index":"index","follow":"follow","max-snippet":"max-snippet:-1","max-image-preview":"max-image-preview:large","max-video-preview":"max-video-preview:-1"},"canonical":"https:\/\/kgf.wgsr.uw.edu.pl\/?page_id=414","og_locale":"pl_PL","og_type":"article","og_title":"Dzia\u0142alno\u015b\u0107 naukowa - Katedra Geografii Fizycznej, Wydzia\u0142 Geografii i Studi\u00f3w Regionalnych UW","og_description":"Problematyka badawcza: wsp\u00f3\u0142czesne procesy rze\u017abotw\u00f3rcze w r\u00f3\u017cnych strefach morfoklimatycznych, rekonstrukcja dynamiki proces\u00f3w poprzez analiz\u0119 zapisu w rze\u017abie i osadach, wp\u0142yw cz\u0142owieka na \u015brodowisko w pradziejach, czasach historycznych i wsp\u00f3\u0142cze\u015bnie, metale ci\u0119\u017ckie w r\u00f3\u017cnych \u015brodowiskach sedymentacyjnych, cechy teksturalne osad\u00f3w fluwialnych, paleogeografia holocenu Mazowsza, Ziemi Sejne\u0144skiej, Ponidzia Pi\u0144czowskiego, zapis dzia\u0142alno\u015bci cz\u0142owieka w \u015brodowisku przyrodniczym, wsp\u00f3\u0142czesne procesy morfogenetyczne [&hellip;]","og_url":"https:\/\/kgf.wgsr.uw.edu.pl\/?page_id=414","og_site_name":"Katedra Geografii Fizycznej, Wydzia\u0142 Geografii i Studi\u00f3w Regionalnych UW","twitter_card":"summary_large_image","twitter_misc":{"Szacowany czas czytania":"1 minuta"},"schema":{"@context":"https:\/\/schema.org","@graph":[{"@type":"WebPage","@id":"https:\/\/kgf.wgsr.uw.edu.pl\/?page_id=414","url":"https:\/\/kgf.wgsr.uw.edu.pl\/?page_id=414","name":"Dzia\u0142alno\u015b\u0107 naukowa - Katedra Geografii Fizycznej, Wydzia\u0142 Geografii i Studi\u00f3w Regionalnych UW","isPartOf":{"@id":"https:\/\/kgf.wgsr.uw.edu.pl\/#website"},"datePublished":"2021-03-23T10:15:02+00:00","breadcrumb":{"@id":"https:\/\/kgf.wgsr.uw.edu.pl\/?page_id=414#breadcrumb"},"inLanguage":"pl-PL","potentialAction":[{"@type":"ReadAction","target":["https:\/\/kgf.wgsr.uw.edu.pl\/?page_id=414"]}]},{"@type":"BreadcrumbList","@id":"https:\/\/kgf.wgsr.uw.edu.pl\/?page_id=414#breadcrumb","itemListElement":[{"@type":"ListItem","position":1,"name":"Strona g\u0142\u00f3wna","item":"https:\/\/kgf.wgsr.uw.edu.pl\/"},{"@type":"ListItem","position":2,"name":"Zak\u0142ad Geomorfologii","item":"https:\/\/kgf.wgsr.uw.edu.pl\/?page_id=87"},{"@type":"ListItem","position":3,"name":"Dzia\u0142alno\u015b\u0107 naukowa"}]},{"@type":"WebSite","@id":"https:\/\/kgf.wgsr.uw.edu.pl\/#website","url":"https:\/\/kgf.wgsr.uw.edu.pl\/","name":"Katedra Geografii Fizycznej, Wydzia\u0142 Geografii i Studi\u00f3w Regionalnych UW","description":"","publisher":{"@id":"https:\/\/kgf.wgsr.uw.edu.pl\/#organization"},"potentialAction":[{"@type":"SearchAction","target":{"@type":"EntryPoint","urlTemplate":"https:\/\/kgf.wgsr.uw.edu.pl\/?s={search_term_string}"},"query-input":{"@type":"PropertyValueSpecification","valueRequired":true,"valueName":"search_term_string"}}],"inLanguage":"pl-PL"},{"@type":"Organization","@id":"https:\/\/kgf.wgsr.uw.edu.pl\/#organization","name":"Katedra Geografii Fizycznej, Wydzia\u0142 Geografii i Studi\u00f3w Regionalnych UW","url":"https:\/\/kgf.wgsr.uw.edu.pl\/","logo":{"@type":"ImageObject","inLanguage":"pl-PL","@id":"https:\/\/kgf.wgsr.uw.edu.pl\/#\/schema\/logo\/image\/","url":"https:\/\/kgf.wgsr.uw.edu.pl\/wp-content\/uploads\/2023\/08\/cropped-Katedra.png","contentUrl":"https:\/\/kgf.wgsr.uw.edu.pl\/wp-content\/uploads\/2023\/08\/cropped-Katedra.png","width":1230,"height":328,"caption":"Katedra Geografii Fizycznej, Wydzia\u0142 Geografii i Studi\u00f3w Regionalnych UW"},"image":{"@id":"https:\/\/kgf.wgsr.uw.edu.pl\/#\/schema\/logo\/image\/"}}]}},"_links":{"self":[{"href":"https:\/\/kgf.wgsr.uw.edu.pl\/index.php?rest_route=\/wp\/v2\/pages\/414","targetHints":{"allow":["GET"]}}],"collection":[{"href":"https:\/\/kgf.wgsr.uw.edu.pl\/index.php?rest_route=\/wp\/v2\/pages"}],"about":[{"href":"https:\/\/kgf.wgsr.uw.edu.pl\/index.php?rest_route=\/wp\/v2\/types\/page"}],"author":[{"embeddable":true,"href":"https:\/\/kgf.wgsr.uw.edu.pl\/index.php?rest_route=\/wp\/v2\/users\/2"}],"replies":[{"embeddable":true,"href":"https:\/\/kgf.wgsr.uw.edu.pl\/index.php?rest_route=%2Fwp%2Fv2%2Fcomments&post=414"}],"version-history":[{"count":0,"href":"https:\/\/kgf.wgsr.uw.edu.pl\/index.php?rest_route=\/wp\/v2\/pages\/414\/revisions"}],"up":[{"embeddable":true,"href":"https:\/\/kgf.wgsr.uw.edu.pl\/index.php?rest_route=\/wp\/v2\/pages\/87"}],"wp:attachment":[{"href":"https:\/\/kgf.wgsr.uw.edu.pl\/index.php?rest_route=%2Fwp%2Fv2%2Fmedia&parent=414"}],"curies":[{"name":"wp","href":"https:\/\/api.w.org\/{rel}","templated":true}]}}