{"id":3142,"date":"2025-09-26T11:30:15","date_gmt":"2025-09-26T11:30:15","guid":{"rendered":"https:\/\/kgf.wgsr.uw.edu.pl\/?page_id=3142"},"modified":"2025-09-30T07:38:34","modified_gmt":"2025-09-30T07:38:34","slug":"hydrologia-i-klimatologia-studia-ii-stopnia-magisterskie","status":"publish","type":"page","link":"https:\/\/kgf.wgsr.uw.edu.pl\/?page_id=3142","title":{"rendered":"Hydrologia i klimatologia &#8211; studia II stopnia (magisterskie) na kierunku Geografia"},"content":{"rendered":"\n<h2 class=\"wp-block-heading\"><strong>Czego mo\u017cesz si\u0119 spodziewa\u0107?<\/strong><\/h2>\n\n\n\n<div class=\"wp-block-media-text is-stacked-on-mobile\"><figure class=\"wp-block-media-text__media\"><video controls src=\"https:\/\/kgf.wgsr.uw.edu.pl\/wp-content\/uploads\/2025\/09\/Hydrologia-i-klimatologia.mp4\"><\/video><\/figure><div class=\"wp-block-media-text__content\">\n<h4 class=\"wp-block-heading\">Hydrologia i klimatologia &#8211; praktyczna strona geografii<\/h4>\n\n\n\n<ul class=\"wp-block-list\">\n<li><strong>Nauczysz si\u0119<\/strong>:\n<ul class=\"wp-block-list\">\n<li>bada\u0107 wod\u0119 i powietrze<\/li>\n\n\n\n<li>prognozowa\u0107 przebieg zjawisk i proces\u00f3w hydrologicznych i pogodowych<\/li>\n\n\n\n<li>analizowa\u0107 i interpretowa\u0107 dane pomiarowe<\/li>\n\n\n\n<li>wykonywa\u0107 ekspertyzy<\/li>\n<\/ul>\n<\/li>\n\n\n\n<li><strong>Opanujesz<\/strong> narz\u0119dzia, kt\u00f3re pozwol\u0105 Ci modelowa\u0107 i prognozowa\u0107 przebieg proces\u00f3w w atmosferze oraz obieg wody na Ziemi<\/li>\n\n\n\n<li><strong>Poznasz<\/strong> nowoczesne przyrz\u0105dy i metody pomiarowe przydatne w przysz\u0142ej pracy zawodowej<\/li>\n\n\n\n<li><strong>Przeprowadzisz<\/strong> badania na interesuj\u0105cy Ci\u0119 temat, r\u00f3wnie\u017c badania eksperymentalne i terenowe<\/li>\n\n\n\n<li><strong>Spotkasz<\/strong> pasjonat\u00f3w takich jak Ty i nawi\u0105\u017cesz znajomo\u015bci ze specjalistami, kt\u00f3re zaprocentuj\u0105 w przysz\u0142ej pracy<\/li>\n<\/ul>\n<\/div><\/div>\n\n\n\n<h2 class=\"wp-block-heading\"><strong>Gdzie spotkasz naszych Absolwent\u00f3w?<\/strong><\/h2>\n\n\n\n<ul class=\"wp-block-list\">\n<li>w administracji wodnej (PG \u201eWody Polskie\u201d, RZGW)<\/li>\n\n\n\n<li>w s\u0142u\u017cbie hydro-meteorologicznej (IMGW, Wojsko Polskie)<\/li>\n\n\n\n<li>w s\u0142u\u017cbach monitoringu i ochrony \u015brodowiska<\/li>\n\n\n\n<li>w administracji r\u00f3\u017cnego szczebla (Ministerstwo \u015arodowiska, Wydzia\u0142y Bezpiecze\u0144stwa i Zarz\u0105dzania Kryzysowego, Wydzia\u0142y Planowania Przestrzennego)<\/li>\n\n\n\n<li>w szko\u0142ach, uczelniach i instytutach naukowych<\/li>\n\n\n\n<li>w firmach zajmuj\u0105cych si\u0119 ocen\u0105 oddzia\u0142ywania inwestycji na \u015brodowisko oraz analiz\u0105 i przetwarzaniem danych przestrzennych<\/li>\n\n\n\n<li>w fundacjach i organizacjach zwi\u0105zanych z ochron\u0105 oraz kszta\u0142towaniem \u015brodowiska<\/li>\n\n\n\n<li>w wielu innych miejscach (zdziwisz si\u0119 w jak wielu&#8230;)<\/li>\n<\/ul>\n\n\n\n<h2 class=\"wp-block-heading\"><strong>Prace magisterskie nie tylko o wodzie i powietrzu&#8230;<\/strong><\/h2>\n\n\n\n<p>Prace magisterskie mog\u0105 dotyczy\u0107 szerokiej tematyki zwi\u0105zanej z wod\u0105, powietrzem, atmosfer\u0105 czy klimatem&#8230;  <\/p>\n\n\n\n<p>Czym mo\u017ce si\u0119 zaj\u0105\u0107 w pracy dyplomowej?<\/p>\n\n\n\n<ul class=\"wp-block-list\">\n<li>zasobami wodnymi i zr\u00f3wnowa\u017conym gospodarowaniem wod\u0105<\/li>\n\n\n\n<li>ekohydrologi\u0105 i ochron\u0105 zasob\u00f3w wodnych<\/li>\n\n\n\n<li>badaniem i ochron\u0105 jezior (limnologia)<\/li>\n\n\n\n<li>badaniem i ochron\u0105 atmosfery<\/li>\n\n\n\n<li>badaniem \u017ar\u00f3de\u0142<\/li>\n\n\n\n<li>badaniem w\u00f3d gruntowych i mokrade\u0142 <\/li>\n\n\n\n<li>modelowaniem i prognozowaniem proces\u00f3w hydrologicznych i atmosferycznych<\/li>\n\n\n\n<li>hydromorfologi\u0105 rzek i jezior<\/li>\n\n\n\n<li>hydrodynamik\u0105 i procesami korytowymi <\/li>\n\n\n\n<li>wp\u0142ywem czynnik\u00f3w abiotycznych na organizmy wodne<\/li>\n\n\n\n<li>wykorzystaniem GIS i danych teledetekcyjnych w hydrologii i klimatologii<\/li>\n\n\n\n<li>zjawiskami ekstremalnymi (wichury, burze, opady nawalne, powodzie, susze)<\/li>\n\n\n\n<li>miejsk\u0105 wysp\u0105 ciep\u0142a <\/li>\n\n\n\n<li>klimatem miast<\/li>\n\n\n\n<li>adaptacj\u0105 do zmian klimatu<\/li>\n\n\n\n<li>\u017ceglug\u0105<\/li>\n\n\n\n<li>nowoczesnymi metodami pomiarowymi<\/li>\n\n\n\n<li>zastosowaniem sztucznej inteligencji w badaniu i prognozowaniu proces\u00f3w oraz zjawisk w hydrosferze i atmosferze<\/li>\n\n\n\n<li>wp\u0142ywem pogody na r\u00f3\u017cne dziedziny gospodarki cz\u0142owieka<\/li>\n\n\n\n<li>renaturyzacj\u0105 rzek i zbiornik\u00f3w wodnych<\/li>\n\n\n\n<li>hydrologi\u0105 i klimatologi\u0105 g\u00f3rsk\u0105<\/li>\n\n\n\n<li>hydrologi\u0105 i klimatologi\u0105 obszar\u00f3w polarnych<\/li>\n\n\n\n<li>wod\u0105 jako przyczyn\u0105 konflikt\u00f3w<\/li>\n\n\n\n<li>ekspertyzami hydrologicznymi i klimatologicznymi<\/li>\n\n\n\n<li>jako\u015bci\u0105 i ochron\u0105 zasob\u00f3w wodnych<\/li>\n\n\n\n<li>wieloma innymi ciekawymi projektami\u2026<\/li>\n<\/ul>\n\n\n\n<h2 class=\"wp-block-heading\"><strong>Wizyt\u00f3wki pracownik\u00f3w i propozycje temat\u00f3w prac magisterskich<\/strong><\/h2>\n\n\n\n<h3 class=\"wp-block-heading\"> <strong>Zak\u0142ad Hydrologii<\/strong><\/h3>\n\n\n\n<figure class=\"wp-block-gallery has-nested-images columns-2 is-cropped\">\n<div id='gallery-1' class='czr-gallery row flex-row czr-gallery-style gallery galleryid-3142 gallery-columns-2 gallery-size-thumbnail'><figure class='gallery-item col col-auto'>\r\n                        <div class='gallery-icon landscape czr-gallery-icon'>\r\n                              <a href=https:\/\/kgf.wgsr.uw.edu.pl\/?attachment_id=3110 class=\"bg-link\"><\/a><img loading=\"lazy\" decoding=\"async\" width=\"150\" height=\"150\" src=\"https:\/\/kgf.wgsr.uw.edu.pl\/wp-content\/uploads\/2025\/09\/Artur-Magnuszewski-2025-150x150.png\" class=\"attachment-thumbnail size-thumbnail\" alt=\"\" sizes=\"auto, (min-width: 1200px) 397.5px, (min-width: 992px) 330px, (min-width: 576px) 240px, calc( 50vw - 30px )\" srcset=\"https:\/\/kgf.wgsr.uw.edu.pl\/wp-content\/uploads\/2025\/09\/Artur-Magnuszewski-2025-150x150.png 150w, https:\/\/kgf.wgsr.uw.edu.pl\/wp-content\/uploads\/2025\/09\/Artur-Magnuszewski-2025-510x510.png 510w\" \/><div class=\"post-action btn btn-skin-dark-shaded inverted\"><a href=\"https:\/\/kgf.wgsr.uw.edu.pl\/wp-content\/uploads\/2025\/09\/Artur-Magnuszewski-2025.png\" class=\"icn-expand\" data-lb-type=\"grouped-gallery\"><\/a><\/div>\r\n                        <\/div><\/figure><figure class='gallery-item col col-auto'>\r\n                        <div class='gallery-icon landscape czr-gallery-icon'>\r\n                              <a href=https:\/\/kgf.wgsr.uw.edu.pl\/?attachment_id=3115 class=\"bg-link\"><\/a><img loading=\"lazy\" decoding=\"async\" width=\"150\" height=\"150\" src=\"https:\/\/kgf.wgsr.uw.edu.pl\/wp-content\/uploads\/2025\/09\/Urszula-Somorowska-2025-150x150.png\" class=\"attachment-thumbnail size-thumbnail\" alt=\"\" sizes=\"auto, (min-width: 1200px) 397.5px, (min-width: 992px) 330px, (min-width: 576px) 240px, calc( 50vw - 30px )\" srcset=\"https:\/\/kgf.wgsr.uw.edu.pl\/wp-content\/uploads\/2025\/09\/Urszula-Somorowska-2025-150x150.png 150w, https:\/\/kgf.wgsr.uw.edu.pl\/wp-content\/uploads\/2025\/09\/Urszula-Somorowska-2025-510x510.png 510w\" \/><div class=\"post-action btn btn-skin-dark-shaded inverted\"><a href=\"https:\/\/kgf.wgsr.uw.edu.pl\/wp-content\/uploads\/2025\/09\/Urszula-Somorowska-2025.png\" class=\"icn-expand\" data-lb-type=\"grouped-gallery\"><\/a><\/div>\r\n                        <\/div><\/figure><figure class='gallery-item col col-auto'>\r\n                        <div class='gallery-icon landscape czr-gallery-icon'>\r\n                              <a href=https:\/\/kgf.wgsr.uw.edu.pl\/?attachment_id=3112 class=\"bg-link\"><\/a><img loading=\"lazy\" decoding=\"async\" width=\"150\" height=\"150\" src=\"https:\/\/kgf.wgsr.uw.edu.pl\/wp-content\/uploads\/2025\/09\/dr-Barbara-Nowicka-2025-150x150.png\" class=\"attachment-thumbnail size-thumbnail\" alt=\"\" sizes=\"auto, (min-width: 1200px) 397.5px, (min-width: 992px) 330px, (min-width: 576px) 240px, calc( 50vw - 30px )\" srcset=\"https:\/\/kgf.wgsr.uw.edu.pl\/wp-content\/uploads\/2025\/09\/dr-Barbara-Nowicka-2025-150x150.png 150w, https:\/\/kgf.wgsr.uw.edu.pl\/wp-content\/uploads\/2025\/09\/dr-Barbara-Nowicka-2025-510x510.png 510w\" \/><div class=\"post-action btn btn-skin-dark-shaded inverted\"><a href=\"https:\/\/kgf.wgsr.uw.edu.pl\/wp-content\/uploads\/2025\/09\/dr-Barbara-Nowicka-2025.png\" class=\"icn-expand\" data-lb-type=\"grouped-gallery\"><\/a><\/div>\r\n                        <\/div><\/figure><figure class='gallery-item col col-auto'>\r\n                        <div class='gallery-icon landscape czr-gallery-icon'>\r\n                              <a href=https:\/\/kgf.wgsr.uw.edu.pl\/?attachment_id=3113 class=\"bg-link\"><\/a><img loading=\"lazy\" decoding=\"async\" width=\"150\" height=\"150\" src=\"https:\/\/kgf.wgsr.uw.edu.pl\/wp-content\/uploads\/2025\/09\/Maciej-Lenartowicz-2025-150x150.png\" class=\"attachment-thumbnail size-thumbnail\" alt=\"\" sizes=\"auto, (min-width: 1200px) 397.5px, (min-width: 992px) 330px, (min-width: 576px) 240px, calc( 50vw - 30px )\" srcset=\"https:\/\/kgf.wgsr.uw.edu.pl\/wp-content\/uploads\/2025\/09\/Maciej-Lenartowicz-2025-150x150.png 150w, https:\/\/kgf.wgsr.uw.edu.pl\/wp-content\/uploads\/2025\/09\/Maciej-Lenartowicz-2025-510x510.png 510w\" \/><div class=\"post-action btn btn-skin-dark-shaded inverted\"><a href=\"https:\/\/kgf.wgsr.uw.edu.pl\/wp-content\/uploads\/2025\/09\/Maciej-Lenartowicz-2025.png\" class=\"icn-expand\" data-lb-type=\"grouped-gallery\"><\/a><\/div>\r\n                        <\/div><\/figure><figure class='gallery-item col col-auto'>\r\n                        <div class='gallery-icon landscape czr-gallery-icon'>\r\n                              <a href=https:\/\/kgf.wgsr.uw.edu.pl\/?attachment_id=3111 class=\"bg-link\"><\/a><img loading=\"lazy\" decoding=\"async\" width=\"150\" height=\"150\" src=\"https:\/\/kgf.wgsr.uw.edu.pl\/wp-content\/uploads\/2025\/09\/Dariusz-Woronko-2025-150x150.png\" class=\"attachment-thumbnail size-thumbnail\" alt=\"\" sizes=\"auto, (min-width: 1200px) 397.5px, (min-width: 992px) 330px, (min-width: 576px) 240px, calc( 50vw - 30px )\" srcset=\"https:\/\/kgf.wgsr.uw.edu.pl\/wp-content\/uploads\/2025\/09\/Dariusz-Woronko-2025-150x150.png 150w, https:\/\/kgf.wgsr.uw.edu.pl\/wp-content\/uploads\/2025\/09\/Dariusz-Woronko-2025-510x510.png 510w\" \/><div class=\"post-action btn btn-skin-dark-shaded inverted\"><a href=\"https:\/\/kgf.wgsr.uw.edu.pl\/wp-content\/uploads\/2025\/09\/Dariusz-Woronko-2025.png\" class=\"icn-expand\" data-lb-type=\"grouped-gallery\"><\/a><\/div>\r\n                        <\/div><\/figure><figure class='gallery-item col col-auto'>\r\n                        <div class='gallery-icon landscape czr-gallery-icon'>\r\n                              <a href=https:\/\/kgf.wgsr.uw.edu.pl\/?attachment_id=3109 class=\"bg-link\"><\/a><img loading=\"lazy\" decoding=\"async\" width=\"150\" height=\"150\" src=\"https:\/\/kgf.wgsr.uw.edu.pl\/wp-content\/uploads\/2025\/09\/Jaroslaw-Suchozebrski-2025-150x150.png\" class=\"attachment-thumbnail size-thumbnail\" alt=\"\" sizes=\"auto, (min-width: 1200px) 397.5px, (min-width: 992px) 330px, (min-width: 576px) 240px, calc( 50vw - 30px )\" srcset=\"https:\/\/kgf.wgsr.uw.edu.pl\/wp-content\/uploads\/2025\/09\/Jaroslaw-Suchozebrski-2025-150x150.png 150w, https:\/\/kgf.wgsr.uw.edu.pl\/wp-content\/uploads\/2025\/09\/Jaroslaw-Suchozebrski-2025-510x510.png 510w\" \/><div class=\"post-action btn btn-skin-dark-shaded inverted\"><a href=\"https:\/\/kgf.wgsr.uw.edu.pl\/wp-content\/uploads\/2025\/09\/Jaroslaw-Suchozebrski-2025.png\" class=\"icn-expand\" data-lb-type=\"grouped-gallery\"><\/a><\/div>\r\n                        <\/div><\/figure><figure class='gallery-item col col-auto'>\r\n                        <div class='gallery-icon landscape czr-gallery-icon'>\r\n                              <a href=https:\/\/kgf.wgsr.uw.edu.pl\/?attachment_id=3114 class=\"bg-link\"><\/a><img loading=\"lazy\" decoding=\"async\" width=\"150\" height=\"150\" src=\"https:\/\/kgf.wgsr.uw.edu.pl\/wp-content\/uploads\/2025\/09\/Maksym-Laszewski-2025-150x150.png\" class=\"attachment-thumbnail size-thumbnail\" alt=\"\" sizes=\"auto, (min-width: 1200px) 397.5px, (min-width: 992px) 330px, (min-width: 576px) 240px, calc( 50vw - 30px )\" srcset=\"https:\/\/kgf.wgsr.uw.edu.pl\/wp-content\/uploads\/2025\/09\/Maksym-Laszewski-2025-150x150.png 150w, https:\/\/kgf.wgsr.uw.edu.pl\/wp-content\/uploads\/2025\/09\/Maksym-Laszewski-2025-510x510.png 510w\" \/><div class=\"post-action btn btn-skin-dark-shaded inverted\"><a href=\"https:\/\/kgf.wgsr.uw.edu.pl\/wp-content\/uploads\/2025\/09\/Maksym-Laszewski-2025.png\" class=\"icn-expand\" data-lb-type=\"grouped-gallery\"><\/a><\/div>\r\n                        <\/div><\/figure>\r\n                  <\/div>\n\n<\/figure>\n\n\n\n<h3 class=\"wp-block-heading\"><strong>Zak\u0142ad Klimatologii<\/strong><\/h3>\n\n\n\n<div id='gallery-2' class='czr-gallery row flex-row czr-gallery-style gallery galleryid-3142 gallery-columns-2 gallery-size-thumbnail'><figure class='gallery-item col col-auto'>\r\n                        <div class='gallery-icon landscape czr-gallery-icon'>\r\n                              <a href=https:\/\/kgf.wgsr.uw.edu.pl\/?attachment_id=3155 class=\"bg-link\"><\/a><img loading=\"lazy\" decoding=\"async\" width=\"150\" height=\"150\" src=\"https:\/\/kgf.wgsr.uw.edu.pl\/wp-content\/uploads\/2025\/09\/Kopia-\u2013-prof.-Elwira-Zmudzka-150x150.png\" class=\"attachment-thumbnail size-thumbnail\" alt=\"\" sizes=\"auto, (min-width: 1200px) 397.5px, (min-width: 992px) 330px, (min-width: 576px) 240px, calc( 50vw - 30px )\" srcset=\"https:\/\/kgf.wgsr.uw.edu.pl\/wp-content\/uploads\/2025\/09\/Kopia-\u2013-prof.-Elwira-Zmudzka-150x150.png 150w, https:\/\/kgf.wgsr.uw.edu.pl\/wp-content\/uploads\/2025\/09\/Kopia-\u2013-prof.-Elwira-Zmudzka-510x510.png 510w\" \/><div class=\"post-action btn btn-skin-dark-shaded inverted\"><a href=\"https:\/\/kgf.wgsr.uw.edu.pl\/wp-content\/uploads\/2025\/09\/Kopia-\u2013-prof.-Elwira-Zmudzka.png\" class=\"icn-expand\" data-lb-type=\"grouped-gallery\"><\/a><\/div>\r\n                        <\/div><\/figure><figure class='gallery-item col col-auto'>\r\n                        <div class='gallery-icon landscape czr-gallery-icon'>\r\n                              <a href=https:\/\/kgf.wgsr.uw.edu.pl\/?attachment_id=3157 class=\"bg-link\"><\/a><img loading=\"lazy\" decoding=\"async\" width=\"150\" height=\"150\" src=\"https:\/\/kgf.wgsr.uw.edu.pl\/wp-content\/uploads\/2025\/09\/Kamil-Leziak-2025-150x150.png\" class=\"attachment-thumbnail size-thumbnail\" alt=\"\" sizes=\"auto, (min-width: 1200px) 397.5px, (min-width: 992px) 330px, (min-width: 576px) 240px, calc( 50vw - 30px )\" srcset=\"https:\/\/kgf.wgsr.uw.edu.pl\/wp-content\/uploads\/2025\/09\/Kamil-Leziak-2025-150x150.png 150w, https:\/\/kgf.wgsr.uw.edu.pl\/wp-content\/uploads\/2025\/09\/Kamil-Leziak-2025-510x510.png 510w\" \/><div class=\"post-action btn btn-skin-dark-shaded inverted\"><a href=\"https:\/\/kgf.wgsr.uw.edu.pl\/wp-content\/uploads\/2025\/09\/Kamil-Leziak-2025.png\" class=\"icn-expand\" data-lb-type=\"grouped-gallery\"><\/a><\/div>\r\n                        <\/div><\/figure><figure class='gallery-item col col-auto'>\r\n                        <div class='gallery-icon landscape czr-gallery-icon'>\r\n                              <a href=https:\/\/kgf.wgsr.uw.edu.pl\/?attachment_id=3159 class=\"bg-link\"><\/a><img loading=\"lazy\" decoding=\"async\" width=\"150\" height=\"150\" src=\"https:\/\/kgf.wgsr.uw.edu.pl\/wp-content\/uploads\/2025\/09\/Krzysztof-Jarzyna-2025-150x150.png\" class=\"attachment-thumbnail size-thumbnail\" alt=\"\" sizes=\"auto, (min-width: 1200px) 397.5px, (min-width: 992px) 330px, (min-width: 576px) 240px, calc( 50vw - 30px )\" srcset=\"https:\/\/kgf.wgsr.uw.edu.pl\/wp-content\/uploads\/2025\/09\/Krzysztof-Jarzyna-2025-150x150.png 150w, https:\/\/kgf.wgsr.uw.edu.pl\/wp-content\/uploads\/2025\/09\/Krzysztof-Jarzyna-2025-510x510.png 510w\" \/><div class=\"post-action btn btn-skin-dark-shaded inverted\"><a href=\"https:\/\/kgf.wgsr.uw.edu.pl\/wp-content\/uploads\/2025\/09\/Krzysztof-Jarzyna-2025.png\" class=\"icn-expand\" data-lb-type=\"grouped-gallery\"><\/a><\/div>\r\n                        <\/div><\/figure><figure class='gallery-item col col-auto'>\r\n                        <div class='gallery-icon landscape czr-gallery-icon'>\r\n                              <a href=https:\/\/kgf.wgsr.uw.edu.pl\/?attachment_id=3156 class=\"bg-link\"><\/a><img loading=\"lazy\" decoding=\"async\" width=\"150\" height=\"150\" src=\"https:\/\/kgf.wgsr.uw.edu.pl\/wp-content\/uploads\/2025\/09\/Joanna-Poplawska-2025-150x150.png\" class=\"attachment-thumbnail size-thumbnail\" alt=\"\" sizes=\"auto, (min-width: 1200px) 397.5px, (min-width: 992px) 330px, (min-width: 576px) 240px, calc( 50vw - 30px )\" srcset=\"https:\/\/kgf.wgsr.uw.edu.pl\/wp-content\/uploads\/2025\/09\/Joanna-Poplawska-2025-150x150.png 150w, https:\/\/kgf.wgsr.uw.edu.pl\/wp-content\/uploads\/2025\/09\/Joanna-Poplawska-2025-510x510.png 510w\" \/><div class=\"post-action btn btn-skin-dark-shaded inverted\"><a href=\"https:\/\/kgf.wgsr.uw.edu.pl\/wp-content\/uploads\/2025\/09\/Joanna-Poplawska-2025.png\" class=\"icn-expand\" data-lb-type=\"grouped-gallery\"><\/a><\/div>\r\n                        <\/div><\/figure><figure class='gallery-item col col-auto'>\r\n                        <div class='gallery-icon landscape czr-gallery-icon'>\r\n                              <a href=https:\/\/kgf.wgsr.uw.edu.pl\/?attachment_id=3158 class=\"bg-link\"><\/a><img loading=\"lazy\" decoding=\"async\" width=\"150\" height=\"150\" src=\"https:\/\/kgf.wgsr.uw.edu.pl\/wp-content\/uploads\/2025\/09\/Kopia-\u2013-dr-Monika-Lisowska-150x150.png\" class=\"attachment-thumbnail size-thumbnail\" alt=\"\" sizes=\"auto, (min-width: 1200px) 397.5px, (min-width: 992px) 330px, (min-width: 576px) 240px, calc( 50vw - 30px )\" srcset=\"https:\/\/kgf.wgsr.uw.edu.pl\/wp-content\/uploads\/2025\/09\/Kopia-\u2013-dr-Monika-Lisowska-150x150.png 150w, https:\/\/kgf.wgsr.uw.edu.pl\/wp-content\/uploads\/2025\/09\/Kopia-\u2013-dr-Monika-Lisowska-510x510.png 510w\" \/><div class=\"post-action btn btn-skin-dark-shaded inverted\"><a href=\"https:\/\/kgf.wgsr.uw.edu.pl\/wp-content\/uploads\/2025\/09\/Kopia-\u2013-dr-Monika-Lisowska.png\" class=\"icn-expand\" data-lb-type=\"grouped-gallery\"><\/a><\/div>\r\n                        <\/div><\/figure>\r\n                  <\/div>\n\n\n\n\n<p>Tematy zrealizowanych prac dyplomowych znajdziesz na stronie <a href=\"https:\/\/kgf.wgsr.uw.edu.pl\/?page_id=482\">Zak\u0142adu Hydrologii <\/a><\/p>\n\n\n\n<h2 class=\"wp-block-heading\"><strong>Program studi\u00f3w i plan zaj\u0119\u0107 na specjalno\u015bci<\/strong><\/h2>\n\n\n\n<p><a href=\"https:\/\/wgsr.uw.edu.pl\/wp-content\/uploads\/sites\/271\/2025\/09\/S2-GF_HIK_2025_24-06-2025.pdf\">Program studi\u00f3w na specjalno\u015bci Hydrologia i Klimatologia (pdf) <\/a><\/p>\n\n\n\n<p><a href=\"https:\/\/wgsr.uw.edu.pl\/wp-content\/uploads\/sites\/271\/2025\/09\/S2_WYB_WGSR_2024_09-06-2025.pdf\">Przedmioty do wyboru WGSR oferowane w roku akademickim 2025\/26 (pdf)<\/a><\/p>\n\n\n\n<p><a href=\"https:\/\/wgsr.uw.edu.pl\/student\/plan-zajec\/\">Plany zaj\u0119\u0107 na specjalno\u015bci Hydrologia i Klimatologia (link)<\/a><\/p>\n\n\n\n<p>Kierownikiem specjalno\u015bci jest <a href=\"https:\/\/kgf.wgsr.uw.edu.pl\/?page_id=964\"><strong>dr Jaros\u0142aw Sucho\u017cebrski<\/strong><\/a><\/p>\n\n\n\n<h2 class=\"wp-block-heading\"><strong>Nasze media spo\u0142eczno\u015bciowe <\/strong><\/h2>\n\n\n\n<div class=\"wp-block-buttons is-layout-flex wp-block-buttons-is-layout-flex\">\n<div class=\"wp-block-button\"><a class=\"wp-block-button__link wp-element-button\" href=\"https:\/\/kgf.wgsr.uw.edu.pl\/?page_id=89\">Strona internetowa<\/a><\/div>\n\n\n\n<div class=\"wp-block-button\"><a class=\"wp-block-button__link wp-element-button\" href=\"https:\/\/www.facebook.com\/hydrouw\/\">Facebook<\/a><\/div>\n\n\n\n<div class=\"wp-block-button\"><a class=\"wp-block-button__link wp-element-button\" href=\"https:\/\/www.instagram.com\/hydrologiauw\">Instagram<\/a><\/div>\n<\/div>\n\n\n\n<p><\/p>\n","protected":false},"excerpt":{"rendered":"<p>Czego mo\u017cesz si\u0119 spodziewa\u0107? Gdzie spotkasz naszych Absolwent\u00f3w? Prace magisterskie nie tylko o wodzie i powietrzu&#8230; Prace magisterskie mog\u0105 dotyczy\u0107 szerokiej tematyki zwi\u0105zanej z wod\u0105, powietrzem, atmosfer\u0105 czy klimatem&#8230; Czym mo\u017ce si\u0119 zaj\u0105\u0107 w pracy dyplomowej? Wizyt\u00f3wki pracownik\u00f3w i propozycje temat\u00f3w prac magisterskich Zak\u0142ad Hydrologii Zak\u0142ad Klimatologii Tematy zrealizowanych prac dyplomowych znajdziesz na stronie Zak\u0142adu [&hellip;]<\/p>\n","protected":false},"author":2,"featured_media":0,"parent":332,"menu_order":0,"comment_status":"closed","ping_status":"closed","template":"","meta":{"footnotes":""},"class_list":["post-3142","page","type-page","status-publish","czr-hentry"],"yoast_head":"<!-- This site is optimized with the Yoast SEO plugin v27.4 - https:\/\/yoast.com\/product\/yoast-seo-wordpress\/ -->\n<title>Hydrologia i klimatologia - studia II stopnia (magisterskie) na kierunku Geografia - Katedra Geografii Fizycznej, Wydzia\u0142 Geografii i Studi\u00f3w Regionalnych UW<\/title>\n<meta name=\"robots\" content=\"index, follow, max-snippet:-1, max-image-preview:large, max-video-preview:-1\" \/>\n<link rel=\"canonical\" href=\"https:\/\/kgf.wgsr.uw.edu.pl\/?page_id=3142\" \/>\n<meta property=\"og:locale\" content=\"pl_PL\" \/>\n<meta property=\"og:type\" content=\"article\" \/>\n<meta property=\"og:title\" content=\"Hydrologia i klimatologia - studia II stopnia (magisterskie) na kierunku Geografia - Katedra Geografii Fizycznej, Wydzia\u0142 Geografii i Studi\u00f3w Regionalnych UW\" \/>\n<meta property=\"og:description\" content=\"Czego mo\u017cesz si\u0119 spodziewa\u0107? Gdzie spotkasz naszych Absolwent\u00f3w? Prace magisterskie nie tylko o wodzie i powietrzu&#8230; Prace magisterskie mog\u0105 dotyczy\u0107 szerokiej tematyki zwi\u0105zanej z wod\u0105, powietrzem, atmosfer\u0105 czy klimatem&#8230; Czym mo\u017ce si\u0119 zaj\u0105\u0107 w pracy dyplomowej? Wizyt\u00f3wki pracownik\u00f3w i propozycje temat\u00f3w prac magisterskich Zak\u0142ad Hydrologii Zak\u0142ad Klimatologii Tematy zrealizowanych prac dyplomowych znajdziesz na stronie Zak\u0142adu [&hellip;]\" \/>\n<meta property=\"og:url\" content=\"https:\/\/kgf.wgsr.uw.edu.pl\/?page_id=3142\" \/>\n<meta property=\"og:site_name\" content=\"Katedra Geografii Fizycznej, Wydzia\u0142 Geografii i Studi\u00f3w Regionalnych UW\" \/>\n<meta property=\"article:modified_time\" content=\"2025-09-30T07:38:34+00:00\" \/>\n<meta property=\"og:image\" content=\"https:\/\/kgf.wgsr.uw.edu.pl\/wp-content\/uploads\/2025\/09\/Artur-Magnuszewski-2025-150x150.png\" \/>\n<meta name=\"twitter:card\" content=\"summary_large_image\" \/>\n<meta name=\"twitter:label1\" content=\"Szacowany czas czytania\" \/>\n\t<meta name=\"twitter:data1\" content=\"3 minuty\" \/>\n<script type=\"application\/ld+json\" class=\"yoast-schema-graph\">{\"@context\":\"https:\\\/\\\/schema.org\",\"@graph\":[{\"@type\":\"WebPage\",\"@id\":\"https:\\\/\\\/kgf.wgsr.uw.edu.pl\\\/?page_id=3142\",\"url\":\"https:\\\/\\\/kgf.wgsr.uw.edu.pl\\\/?page_id=3142\",\"name\":\"Hydrologia i klimatologia - studia II stopnia (magisterskie) na kierunku Geografia - Katedra Geografii Fizycznej, Wydzia\u0142 Geografii i Studi\u00f3w Regionalnych UW\",\"isPartOf\":{\"@id\":\"https:\\\/\\\/kgf.wgsr.uw.edu.pl\\\/#website\"},\"datePublished\":\"2025-09-26T11:30:15+00:00\",\"dateModified\":\"2025-09-30T07:38:34+00:00\",\"breadcrumb\":{\"@id\":\"https:\\\/\\\/kgf.wgsr.uw.edu.pl\\\/?page_id=3142#breadcrumb\"},\"inLanguage\":\"pl-PL\",\"potentialAction\":[{\"@type\":\"ReadAction\",\"target\":[\"https:\\\/\\\/kgf.wgsr.uw.edu.pl\\\/?page_id=3142\"]}]},{\"@type\":\"BreadcrumbList\",\"@id\":\"https:\\\/\\\/kgf.wgsr.uw.edu.pl\\\/?page_id=3142#breadcrumb\",\"itemListElement\":[{\"@type\":\"ListItem\",\"position\":1,\"name\":\"Strona g\u0142\u00f3wna\",\"item\":\"https:\\\/\\\/kgf.wgsr.uw.edu.pl\\\/\"},{\"@type\":\"ListItem\",\"position\":2,\"name\":\"Dydaktyka\",\"item\":\"https:\\\/\\\/kgf.wgsr.uw.edu.pl\\\/?page_id=108\"},{\"@type\":\"ListItem\",\"position\":3,\"name\":\"Studia II stopnia\",\"item\":\"https:\\\/\\\/kgf.wgsr.uw.edu.pl\\\/?page_id=332\"},{\"@type\":\"ListItem\",\"position\":4,\"name\":\"Hydrologia i klimatologia &#8211; studia II stopnia (magisterskie) na kierunku Geografia\"}]},{\"@type\":\"WebSite\",\"@id\":\"https:\\\/\\\/kgf.wgsr.uw.edu.pl\\\/#website\",\"url\":\"https:\\\/\\\/kgf.wgsr.uw.edu.pl\\\/\",\"name\":\"Katedra Geografii Fizycznej, Wydzia\u0142 Geografii i Studi\u00f3w Regionalnych UW\",\"description\":\"\",\"publisher\":{\"@id\":\"https:\\\/\\\/kgf.wgsr.uw.edu.pl\\\/#organization\"},\"potentialAction\":[{\"@type\":\"SearchAction\",\"target\":{\"@type\":\"EntryPoint\",\"urlTemplate\":\"https:\\\/\\\/kgf.wgsr.uw.edu.pl\\\/?s={search_term_string}\"},\"query-input\":{\"@type\":\"PropertyValueSpecification\",\"valueRequired\":true,\"valueName\":\"search_term_string\"}}],\"inLanguage\":\"pl-PL\"},{\"@type\":\"Organization\",\"@id\":\"https:\\\/\\\/kgf.wgsr.uw.edu.pl\\\/#organization\",\"name\":\"Katedra Geografii Fizycznej, Wydzia\u0142 Geografii i Studi\u00f3w Regionalnych UW\",\"url\":\"https:\\\/\\\/kgf.wgsr.uw.edu.pl\\\/\",\"logo\":{\"@type\":\"ImageObject\",\"inLanguage\":\"pl-PL\",\"@id\":\"https:\\\/\\\/kgf.wgsr.uw.edu.pl\\\/#\\\/schema\\\/logo\\\/image\\\/\",\"url\":\"https:\\\/\\\/kgf.wgsr.uw.edu.pl\\\/wp-content\\\/uploads\\\/2023\\\/08\\\/cropped-Katedra.png\",\"contentUrl\":\"https:\\\/\\\/kgf.wgsr.uw.edu.pl\\\/wp-content\\\/uploads\\\/2023\\\/08\\\/cropped-Katedra.png\",\"width\":1230,\"height\":328,\"caption\":\"Katedra Geografii Fizycznej, Wydzia\u0142 Geografii i Studi\u00f3w Regionalnych UW\"},\"image\":{\"@id\":\"https:\\\/\\\/kgf.wgsr.uw.edu.pl\\\/#\\\/schema\\\/logo\\\/image\\\/\"}}]}<\/script>\n<!-- \/ Yoast SEO plugin. -->","yoast_head_json":{"title":"Hydrologia i klimatologia - studia II stopnia (magisterskie) na kierunku Geografia - Katedra Geografii Fizycznej, Wydzia\u0142 Geografii i Studi\u00f3w Regionalnych UW","robots":{"index":"index","follow":"follow","max-snippet":"max-snippet:-1","max-image-preview":"max-image-preview:large","max-video-preview":"max-video-preview:-1"},"canonical":"https:\/\/kgf.wgsr.uw.edu.pl\/?page_id=3142","og_locale":"pl_PL","og_type":"article","og_title":"Hydrologia i klimatologia - studia II stopnia (magisterskie) na kierunku Geografia - Katedra Geografii Fizycznej, Wydzia\u0142 Geografii i Studi\u00f3w Regionalnych UW","og_description":"Czego mo\u017cesz si\u0119 spodziewa\u0107? Gdzie spotkasz naszych Absolwent\u00f3w? Prace magisterskie nie tylko o wodzie i powietrzu&#8230; Prace magisterskie mog\u0105 dotyczy\u0107 szerokiej tematyki zwi\u0105zanej z wod\u0105, powietrzem, atmosfer\u0105 czy klimatem&#8230; Czym mo\u017ce si\u0119 zaj\u0105\u0107 w pracy dyplomowej? Wizyt\u00f3wki pracownik\u00f3w i propozycje temat\u00f3w prac magisterskich Zak\u0142ad Hydrologii Zak\u0142ad Klimatologii Tematy zrealizowanych prac dyplomowych znajdziesz na stronie Zak\u0142adu [&hellip;]","og_url":"https:\/\/kgf.wgsr.uw.edu.pl\/?page_id=3142","og_site_name":"Katedra Geografii Fizycznej, Wydzia\u0142 Geografii i Studi\u00f3w Regionalnych UW","article_modified_time":"2025-09-30T07:38:34+00:00","og_image":[{"url":"https:\/\/kgf.wgsr.uw.edu.pl\/wp-content\/uploads\/2025\/09\/Artur-Magnuszewski-2025-150x150.png","type":"","width":"","height":""}],"twitter_card":"summary_large_image","twitter_misc":{"Szacowany czas czytania":"3 minuty"},"schema":{"@context":"https:\/\/schema.org","@graph":[{"@type":"WebPage","@id":"https:\/\/kgf.wgsr.uw.edu.pl\/?page_id=3142","url":"https:\/\/kgf.wgsr.uw.edu.pl\/?page_id=3142","name":"Hydrologia i klimatologia - studia II stopnia (magisterskie) na kierunku Geografia - Katedra Geografii Fizycznej, Wydzia\u0142 Geografii i Studi\u00f3w Regionalnych UW","isPartOf":{"@id":"https:\/\/kgf.wgsr.uw.edu.pl\/#website"},"datePublished":"2025-09-26T11:30:15+00:00","dateModified":"2025-09-30T07:38:34+00:00","breadcrumb":{"@id":"https:\/\/kgf.wgsr.uw.edu.pl\/?page_id=3142#breadcrumb"},"inLanguage":"pl-PL","potentialAction":[{"@type":"ReadAction","target":["https:\/\/kgf.wgsr.uw.edu.pl\/?page_id=3142"]}]},{"@type":"BreadcrumbList","@id":"https:\/\/kgf.wgsr.uw.edu.pl\/?page_id=3142#breadcrumb","itemListElement":[{"@type":"ListItem","position":1,"name":"Strona g\u0142\u00f3wna","item":"https:\/\/kgf.wgsr.uw.edu.pl\/"},{"@type":"ListItem","position":2,"name":"Dydaktyka","item":"https:\/\/kgf.wgsr.uw.edu.pl\/?page_id=108"},{"@type":"ListItem","position":3,"name":"Studia II stopnia","item":"https:\/\/kgf.wgsr.uw.edu.pl\/?page_id=332"},{"@type":"ListItem","position":4,"name":"Hydrologia i klimatologia &#8211; studia II stopnia (magisterskie) na kierunku Geografia"}]},{"@type":"WebSite","@id":"https:\/\/kgf.wgsr.uw.edu.pl\/#website","url":"https:\/\/kgf.wgsr.uw.edu.pl\/","name":"Katedra Geografii Fizycznej, Wydzia\u0142 Geografii i Studi\u00f3w Regionalnych UW","description":"","publisher":{"@id":"https:\/\/kgf.wgsr.uw.edu.pl\/#organization"},"potentialAction":[{"@type":"SearchAction","target":{"@type":"EntryPoint","urlTemplate":"https:\/\/kgf.wgsr.uw.edu.pl\/?s={search_term_string}"},"query-input":{"@type":"PropertyValueSpecification","valueRequired":true,"valueName":"search_term_string"}}],"inLanguage":"pl-PL"},{"@type":"Organization","@id":"https:\/\/kgf.wgsr.uw.edu.pl\/#organization","name":"Katedra Geografii Fizycznej, Wydzia\u0142 Geografii i Studi\u00f3w Regionalnych UW","url":"https:\/\/kgf.wgsr.uw.edu.pl\/","logo":{"@type":"ImageObject","inLanguage":"pl-PL","@id":"https:\/\/kgf.wgsr.uw.edu.pl\/#\/schema\/logo\/image\/","url":"https:\/\/kgf.wgsr.uw.edu.pl\/wp-content\/uploads\/2023\/08\/cropped-Katedra.png","contentUrl":"https:\/\/kgf.wgsr.uw.edu.pl\/wp-content\/uploads\/2023\/08\/cropped-Katedra.png","width":1230,"height":328,"caption":"Katedra Geografii Fizycznej, Wydzia\u0142 Geografii i Studi\u00f3w Regionalnych UW"},"image":{"@id":"https:\/\/kgf.wgsr.uw.edu.pl\/#\/schema\/logo\/image\/"}}]}},"_links":{"self":[{"href":"https:\/\/kgf.wgsr.uw.edu.pl\/index.php?rest_route=\/wp\/v2\/pages\/3142","targetHints":{"allow":["GET"]}}],"collection":[{"href":"https:\/\/kgf.wgsr.uw.edu.pl\/index.php?rest_route=\/wp\/v2\/pages"}],"about":[{"href":"https:\/\/kgf.wgsr.uw.edu.pl\/index.php?rest_route=\/wp\/v2\/types\/page"}],"author":[{"embeddable":true,"href":"https:\/\/kgf.wgsr.uw.edu.pl\/index.php?rest_route=\/wp\/v2\/users\/2"}],"replies":[{"embeddable":true,"href":"https:\/\/kgf.wgsr.uw.edu.pl\/index.php?rest_route=%2Fwp%2Fv2%2Fcomments&post=3142"}],"version-history":[{"count":19,"href":"https:\/\/kgf.wgsr.uw.edu.pl\/index.php?rest_route=\/wp\/v2\/pages\/3142\/revisions"}],"predecessor-version":[{"id":3277,"href":"https:\/\/kgf.wgsr.uw.edu.pl\/index.php?rest_route=\/wp\/v2\/pages\/3142\/revisions\/3277"}],"up":[{"embeddable":true,"href":"https:\/\/kgf.wgsr.uw.edu.pl\/index.php?rest_route=\/wp\/v2\/pages\/332"}],"wp:attachment":[{"href":"https:\/\/kgf.wgsr.uw.edu.pl\/index.php?rest_route=%2Fwp%2Fv2%2Fmedia&parent=3142"}],"curies":[{"name":"wp","href":"https:\/\/api.w.org\/{rel}","templated":true}]}}