{"id":218,"date":"2021-03-22T08:09:35","date_gmt":"2021-03-22T07:09:35","guid":{"rendered":"https:\/\/wgsr.uw.edu.pl\/kgf\/?page_id=218"},"modified":"2025-01-21T08:13:12","modified_gmt":"2025-01-21T08:13:12","slug":"maciej-dabski","status":"publish","type":"page","link":"https:\/\/kgf.wgsr.uw.edu.pl\/?page_id=218","title":{"rendered":"Maciej D\u0105bski"},"content":{"rendered":"\r\n<div class=\"wp-block-columns is-layout-flex wp-container-core-columns-is-layout-9d6595d7 wp-block-columns-is-layout-flex\">\r\n<div class=\"wp-block-column is-layout-flow wp-block-column-is-layout-flow\" style=\"flex-basis: 33.33%;\">\r\n<figure class=\"wp-block-image size-large is-style-default\"><img decoding=\"async\" class=\"wp-image-223\" src=\"https:\/\/wgsr.uw.edu.pl\/kgf\/wp-content\/uploads\/2021\/03\/154850732_453936266021792_8370690582063854122_o-edited-768x1024.jpg\" alt=\"\" \/><\/figure>\r\n<\/div>\r\n\r\n\r\n\r\n<div class=\"wp-block-column is-layout-flow wp-block-column-is-layout-flow\" style=\"flex-basis: 66.66%;\">\r\n<p><strong>Tytu\u0142 \/ stopie\u0144 naukowy: <\/strong>doktor habilitowany<\/p>\r\n\r\n\r\n\r\n<p><strong>Stanowisko: <\/strong>profesor uczelni<\/p>\r\n\r\n\r\n\r\n<p><strong>Pe\u0142nione funkcje:<\/strong> kierownik Katedry Geografii Fizycznej WGSR UW<\/p>\r\n\r\n\r\n\r\n<p><strong>Jednostka:<\/strong> <a href=\"https:\/\/wgsr.uw.edu.pl\/kgf\/?page_id=87\" data-type=\"page\" data-id=\"87\">Zak\u0142ad Geomorfologii<\/a><\/p>\r\n\r\n\r\n\r\n<p>Nr pokoju: 307<br \/>Tel.\u00a0 (22) 5521514<br \/>Strona <a href=\"https:\/\/usosweb.uw.edu.pl\/kontroler.php?_action=katalog2\/osoby\/pokazOsobe&amp;os_id=50185\" target=\"_blank\" rel=\"noreferrer noopener\">USOSweb<\/a> <br \/><a href=\"mailto:mfdbski@uw.edu.pl\">wy\u015blij e-mail<\/a><\/p>\r\n<\/div>\r\n<\/div>\r\n\r\n\r\n\r\n<h3 class=\"wp-block-heading\">Zainteresowania naukowe<\/h3>\r\n\r\n\r\n\r\n<p>Procesy i formy glacjalne i peryglacjalne; wsp\u00f3\u0142czesny rozw\u00f3j stref marginalnych lodowc\u00f3w ze szczeg\u00f3lnym uwzgl\u0119dnieniem Islandii; zastosowanie lichenometrii, m\u0142otka Schmidta, analizy otoczki wietrzeniowej i mikro-chropowato\u015bci powierzchni skalnych w badaniach geomorfologicznych. Fotointerpretacja form rze\u017aby. Gospodarowanie w rejonach polarnych.<\/p>\r\n\r\n\r\n\r\n<h3 class=\"wp-block-heading\">Publikacje<\/h3>\r\n\r\n\r\n\r\n<p>Wykaz publikacji w bazie <a href=\"https:\/\/pbn.nauka.gov.pl\/core\/#\/person\/view\/5e7093d5878c28a0473b18bf\/current\" target=\"_blank\" rel=\"noreferrer noopener\">Polska Bibliografia Naukowa<\/a><\/p>\r\n\r\n\r\n\r\n<p>Wykaz publikacji w bazie <a href=\"https:\/\/scholar.google.com\/citations?user=7jldkLAQV8wC&amp;hl=pl\" target=\"_blank\" rel=\"noreferrer noopener\">Google Scholar<\/a><\/p>\r\n\r\n\r\n\r\n<h3 class=\"wp-block-heading\">Projekty naukowe<\/h3>\r\n\r\n\r\n\r\n<p>Wykaz projekt\u00f3w naukowych w bazie <a href=\"https:\/\/polon.nauka.gov.pl\/opi\/aa\/pn?execution=e1s1\" target=\"_blank\" rel=\"noreferrer noopener\">POLON<\/a><\/p>\r\n","protected":false},"excerpt":{"rendered":"<p>Tytu\u0142 \/ stopie\u0144 naukowy: doktor habilitowany Stanowisko: profesor uczelni Pe\u0142nione funkcje: kierownik Katedry Geografii Fizycznej WGSR UW Jednostka: Zak\u0142ad Geomorfologii Nr pokoju: 307Tel.\u00a0 (22) 5521514Strona USOSweb wy\u015blij e-mail Zainteresowania naukowe Procesy i formy glacjalne i peryglacjalne; wsp\u00f3\u0142czesny rozw\u00f3j stref marginalnych lodowc\u00f3w ze szczeg\u00f3lnym uwzgl\u0119dnieniem Islandii; zastosowanie lichenometrii, m\u0142otka Schmidta, analizy otoczki wietrzeniowej i mikro-chropowato\u015bci powierzchni [&hellip;]<\/p>\n","protected":false},"author":2,"featured_media":0,"parent":193,"menu_order":0,"comment_status":"closed","ping_status":"closed","template":"custom-page.php","meta":{"footnotes":""},"class_list":["post-218","page","type-page","status-publish","czr-hentry"],"yoast_head":"<!-- This site is optimized with the Yoast SEO plugin v27.4 - https:\/\/yoast.com\/product\/yoast-seo-wordpress\/ -->\n<title>Maciej D\u0105bski - Katedra Geografii Fizycznej, Wydzia\u0142 Geografii i Studi\u00f3w Regionalnych UW<\/title>\n<meta name=\"robots\" content=\"index, follow, max-snippet:-1, max-image-preview:large, max-video-preview:-1\" \/>\n<link rel=\"canonical\" href=\"https:\/\/kgf.wgsr.uw.edu.pl\/?page_id=218\" \/>\n<meta property=\"og:locale\" content=\"pl_PL\" \/>\n<meta property=\"og:type\" content=\"article\" \/>\n<meta property=\"og:title\" content=\"Maciej D\u0105bski - Katedra Geografii Fizycznej, Wydzia\u0142 Geografii i Studi\u00f3w Regionalnych UW\" \/>\n<meta property=\"og:description\" content=\"Tytu\u0142 \/ stopie\u0144 naukowy: doktor habilitowany Stanowisko: profesor uczelni Pe\u0142nione funkcje: kierownik Katedry Geografii Fizycznej WGSR UW Jednostka: Zak\u0142ad Geomorfologii Nr pokoju: 307Tel.\u00a0 (22) 5521514Strona USOSweb wy\u015blij e-mail Zainteresowania naukowe Procesy i formy glacjalne i peryglacjalne; wsp\u00f3\u0142czesny rozw\u00f3j stref marginalnych lodowc\u00f3w ze szczeg\u00f3lnym uwzgl\u0119dnieniem Islandii; zastosowanie lichenometrii, m\u0142otka Schmidta, analizy otoczki wietrzeniowej i mikro-chropowato\u015bci powierzchni [&hellip;]\" \/>\n<meta property=\"og:url\" content=\"https:\/\/kgf.wgsr.uw.edu.pl\/?page_id=218\" \/>\n<meta property=\"og:site_name\" content=\"Katedra Geografii Fizycznej, Wydzia\u0142 Geografii i Studi\u00f3w Regionalnych UW\" \/>\n<meta property=\"article:modified_time\" content=\"2025-01-21T08:13:12+00:00\" \/>\n<meta property=\"og:image\" content=\"https:\/\/wgsr.uw.edu.pl\/kgf\/wp-content\/uploads\/2021\/03\/154850732_453936266021792_8370690582063854122_o-edited-768x1024.jpg\" \/>\n<meta name=\"twitter:card\" content=\"summary_large_image\" \/>\n<meta name=\"twitter:label1\" content=\"Szacowany czas czytania\" \/>\n\t<meta name=\"twitter:data1\" content=\"1 minuta\" \/>\n<script type=\"application\/ld+json\" class=\"yoast-schema-graph\">{\"@context\":\"https:\\\/\\\/schema.org\",\"@graph\":[{\"@type\":\"WebPage\",\"@id\":\"https:\\\/\\\/kgf.wgsr.uw.edu.pl\\\/?page_id=218\",\"url\":\"https:\\\/\\\/kgf.wgsr.uw.edu.pl\\\/?page_id=218\",\"name\":\"Maciej D\u0105bski - Katedra Geografii Fizycznej, Wydzia\u0142 Geografii i Studi\u00f3w Regionalnych UW\",\"isPartOf\":{\"@id\":\"https:\\\/\\\/kgf.wgsr.uw.edu.pl\\\/#website\"},\"primaryImageOfPage\":{\"@id\":\"https:\\\/\\\/kgf.wgsr.uw.edu.pl\\\/?page_id=218#primaryimage\"},\"image\":{\"@id\":\"https:\\\/\\\/kgf.wgsr.uw.edu.pl\\\/?page_id=218#primaryimage\"},\"thumbnailUrl\":\"https:\\\/\\\/wgsr.uw.edu.pl\\\/kgf\\\/wp-content\\\/uploads\\\/2021\\\/03\\\/154850732_453936266021792_8370690582063854122_o-edited-768x1024.jpg\",\"datePublished\":\"2021-03-22T07:09:35+00:00\",\"dateModified\":\"2025-01-21T08:13:12+00:00\",\"breadcrumb\":{\"@id\":\"https:\\\/\\\/kgf.wgsr.uw.edu.pl\\\/?page_id=218#breadcrumb\"},\"inLanguage\":\"pl-PL\",\"potentialAction\":[{\"@type\":\"ReadAction\",\"target\":[\"https:\\\/\\\/kgf.wgsr.uw.edu.pl\\\/?page_id=218\"]}]},{\"@type\":\"ImageObject\",\"inLanguage\":\"pl-PL\",\"@id\":\"https:\\\/\\\/kgf.wgsr.uw.edu.pl\\\/?page_id=218#primaryimage\",\"url\":\"https:\\\/\\\/wgsr.uw.edu.pl\\\/kgf\\\/wp-content\\\/uploads\\\/2021\\\/03\\\/154850732_453936266021792_8370690582063854122_o-edited-768x1024.jpg\",\"contentUrl\":\"https:\\\/\\\/wgsr.uw.edu.pl\\\/kgf\\\/wp-content\\\/uploads\\\/2021\\\/03\\\/154850732_453936266021792_8370690582063854122_o-edited-768x1024.jpg\"},{\"@type\":\"BreadcrumbList\",\"@id\":\"https:\\\/\\\/kgf.wgsr.uw.edu.pl\\\/?page_id=218#breadcrumb\",\"itemListElement\":[{\"@type\":\"ListItem\",\"position\":1,\"name\":\"Strona g\u0142\u00f3wna\",\"item\":\"https:\\\/\\\/kgf.wgsr.uw.edu.pl\\\/\"},{\"@type\":\"ListItem\",\"position\":2,\"name\":\"Pracownicy Katedry Geografii Fizycznej\",\"item\":\"https:\\\/\\\/kgf.wgsr.uw.edu.pl\\\/?page_id=193\"},{\"@type\":\"ListItem\",\"position\":3,\"name\":\"Maciej D\u0105bski\"}]},{\"@type\":\"WebSite\",\"@id\":\"https:\\\/\\\/kgf.wgsr.uw.edu.pl\\\/#website\",\"url\":\"https:\\\/\\\/kgf.wgsr.uw.edu.pl\\\/\",\"name\":\"Katedra Geografii Fizycznej, Wydzia\u0142 Geografii i Studi\u00f3w Regionalnych UW\",\"description\":\"\",\"publisher\":{\"@id\":\"https:\\\/\\\/kgf.wgsr.uw.edu.pl\\\/#organization\"},\"potentialAction\":[{\"@type\":\"SearchAction\",\"target\":{\"@type\":\"EntryPoint\",\"urlTemplate\":\"https:\\\/\\\/kgf.wgsr.uw.edu.pl\\\/?s={search_term_string}\"},\"query-input\":{\"@type\":\"PropertyValueSpecification\",\"valueRequired\":true,\"valueName\":\"search_term_string\"}}],\"inLanguage\":\"pl-PL\"},{\"@type\":\"Organization\",\"@id\":\"https:\\\/\\\/kgf.wgsr.uw.edu.pl\\\/#organization\",\"name\":\"Katedra Geografii Fizycznej, Wydzia\u0142 Geografii i Studi\u00f3w Regionalnych UW\",\"url\":\"https:\\\/\\\/kgf.wgsr.uw.edu.pl\\\/\",\"logo\":{\"@type\":\"ImageObject\",\"inLanguage\":\"pl-PL\",\"@id\":\"https:\\\/\\\/kgf.wgsr.uw.edu.pl\\\/#\\\/schema\\\/logo\\\/image\\\/\",\"url\":\"https:\\\/\\\/kgf.wgsr.uw.edu.pl\\\/wp-content\\\/uploads\\\/2023\\\/08\\\/cropped-Katedra.png\",\"contentUrl\":\"https:\\\/\\\/kgf.wgsr.uw.edu.pl\\\/wp-content\\\/uploads\\\/2023\\\/08\\\/cropped-Katedra.png\",\"width\":1230,\"height\":328,\"caption\":\"Katedra Geografii Fizycznej, Wydzia\u0142 Geografii i Studi\u00f3w Regionalnych UW\"},\"image\":{\"@id\":\"https:\\\/\\\/kgf.wgsr.uw.edu.pl\\\/#\\\/schema\\\/logo\\\/image\\\/\"}}]}<\/script>\n<!-- \/ Yoast SEO plugin. -->","yoast_head_json":{"title":"Maciej D\u0105bski - Katedra Geografii Fizycznej, Wydzia\u0142 Geografii i Studi\u00f3w Regionalnych UW","robots":{"index":"index","follow":"follow","max-snippet":"max-snippet:-1","max-image-preview":"max-image-preview:large","max-video-preview":"max-video-preview:-1"},"canonical":"https:\/\/kgf.wgsr.uw.edu.pl\/?page_id=218","og_locale":"pl_PL","og_type":"article","og_title":"Maciej D\u0105bski - Katedra Geografii Fizycznej, Wydzia\u0142 Geografii i Studi\u00f3w Regionalnych UW","og_description":"Tytu\u0142 \/ stopie\u0144 naukowy: doktor habilitowany Stanowisko: profesor uczelni Pe\u0142nione funkcje: kierownik Katedry Geografii Fizycznej WGSR UW Jednostka: Zak\u0142ad Geomorfologii Nr pokoju: 307Tel.\u00a0 (22) 5521514Strona USOSweb wy\u015blij e-mail Zainteresowania naukowe Procesy i formy glacjalne i peryglacjalne; wsp\u00f3\u0142czesny rozw\u00f3j stref marginalnych lodowc\u00f3w ze szczeg\u00f3lnym uwzgl\u0119dnieniem Islandii; zastosowanie lichenometrii, m\u0142otka Schmidta, analizy otoczki wietrzeniowej i mikro-chropowato\u015bci powierzchni [&hellip;]","og_url":"https:\/\/kgf.wgsr.uw.edu.pl\/?page_id=218","og_site_name":"Katedra Geografii Fizycznej, Wydzia\u0142 Geografii i Studi\u00f3w Regionalnych UW","article_modified_time":"2025-01-21T08:13:12+00:00","og_image":[{"url":"https:\/\/wgsr.uw.edu.pl\/kgf\/wp-content\/uploads\/2021\/03\/154850732_453936266021792_8370690582063854122_o-edited-768x1024.jpg","type":"","width":"","height":""}],"twitter_card":"summary_large_image","twitter_misc":{"Szacowany czas czytania":"1 minuta"},"schema":{"@context":"https:\/\/schema.org","@graph":[{"@type":"WebPage","@id":"https:\/\/kgf.wgsr.uw.edu.pl\/?page_id=218","url":"https:\/\/kgf.wgsr.uw.edu.pl\/?page_id=218","name":"Maciej D\u0105bski - Katedra Geografii Fizycznej, Wydzia\u0142 Geografii i Studi\u00f3w Regionalnych UW","isPartOf":{"@id":"https:\/\/kgf.wgsr.uw.edu.pl\/#website"},"primaryImageOfPage":{"@id":"https:\/\/kgf.wgsr.uw.edu.pl\/?page_id=218#primaryimage"},"image":{"@id":"https:\/\/kgf.wgsr.uw.edu.pl\/?page_id=218#primaryimage"},"thumbnailUrl":"https:\/\/wgsr.uw.edu.pl\/kgf\/wp-content\/uploads\/2021\/03\/154850732_453936266021792_8370690582063854122_o-edited-768x1024.jpg","datePublished":"2021-03-22T07:09:35+00:00","dateModified":"2025-01-21T08:13:12+00:00","breadcrumb":{"@id":"https:\/\/kgf.wgsr.uw.edu.pl\/?page_id=218#breadcrumb"},"inLanguage":"pl-PL","potentialAction":[{"@type":"ReadAction","target":["https:\/\/kgf.wgsr.uw.edu.pl\/?page_id=218"]}]},{"@type":"ImageObject","inLanguage":"pl-PL","@id":"https:\/\/kgf.wgsr.uw.edu.pl\/?page_id=218#primaryimage","url":"https:\/\/wgsr.uw.edu.pl\/kgf\/wp-content\/uploads\/2021\/03\/154850732_453936266021792_8370690582063854122_o-edited-768x1024.jpg","contentUrl":"https:\/\/wgsr.uw.edu.pl\/kgf\/wp-content\/uploads\/2021\/03\/154850732_453936266021792_8370690582063854122_o-edited-768x1024.jpg"},{"@type":"BreadcrumbList","@id":"https:\/\/kgf.wgsr.uw.edu.pl\/?page_id=218#breadcrumb","itemListElement":[{"@type":"ListItem","position":1,"name":"Strona g\u0142\u00f3wna","item":"https:\/\/kgf.wgsr.uw.edu.pl\/"},{"@type":"ListItem","position":2,"name":"Pracownicy Katedry Geografii Fizycznej","item":"https:\/\/kgf.wgsr.uw.edu.pl\/?page_id=193"},{"@type":"ListItem","position":3,"name":"Maciej D\u0105bski"}]},{"@type":"WebSite","@id":"https:\/\/kgf.wgsr.uw.edu.pl\/#website","url":"https:\/\/kgf.wgsr.uw.edu.pl\/","name":"Katedra Geografii Fizycznej, Wydzia\u0142 Geografii i Studi\u00f3w Regionalnych UW","description":"","publisher":{"@id":"https:\/\/kgf.wgsr.uw.edu.pl\/#organization"},"potentialAction":[{"@type":"SearchAction","target":{"@type":"EntryPoint","urlTemplate":"https:\/\/kgf.wgsr.uw.edu.pl\/?s={search_term_string}"},"query-input":{"@type":"PropertyValueSpecification","valueRequired":true,"valueName":"search_term_string"}}],"inLanguage":"pl-PL"},{"@type":"Organization","@id":"https:\/\/kgf.wgsr.uw.edu.pl\/#organization","name":"Katedra Geografii Fizycznej, Wydzia\u0142 Geografii i Studi\u00f3w Regionalnych UW","url":"https:\/\/kgf.wgsr.uw.edu.pl\/","logo":{"@type":"ImageObject","inLanguage":"pl-PL","@id":"https:\/\/kgf.wgsr.uw.edu.pl\/#\/schema\/logo\/image\/","url":"https:\/\/kgf.wgsr.uw.edu.pl\/wp-content\/uploads\/2023\/08\/cropped-Katedra.png","contentUrl":"https:\/\/kgf.wgsr.uw.edu.pl\/wp-content\/uploads\/2023\/08\/cropped-Katedra.png","width":1230,"height":328,"caption":"Katedra Geografii Fizycznej, Wydzia\u0142 Geografii i Studi\u00f3w Regionalnych UW"},"image":{"@id":"https:\/\/kgf.wgsr.uw.edu.pl\/#\/schema\/logo\/image\/"}}]}},"_links":{"self":[{"href":"https:\/\/kgf.wgsr.uw.edu.pl\/index.php?rest_route=\/wp\/v2\/pages\/218","targetHints":{"allow":["GET"]}}],"collection":[{"href":"https:\/\/kgf.wgsr.uw.edu.pl\/index.php?rest_route=\/wp\/v2\/pages"}],"about":[{"href":"https:\/\/kgf.wgsr.uw.edu.pl\/index.php?rest_route=\/wp\/v2\/types\/page"}],"author":[{"embeddable":true,"href":"https:\/\/kgf.wgsr.uw.edu.pl\/index.php?rest_route=\/wp\/v2\/users\/2"}],"replies":[{"embeddable":true,"href":"https:\/\/kgf.wgsr.uw.edu.pl\/index.php?rest_route=%2Fwp%2Fv2%2Fcomments&post=218"}],"version-history":[{"count":1,"href":"https:\/\/kgf.wgsr.uw.edu.pl\/index.php?rest_route=\/wp\/v2\/pages\/218\/revisions"}],"predecessor-version":[{"id":2945,"href":"https:\/\/kgf.wgsr.uw.edu.pl\/index.php?rest_route=\/wp\/v2\/pages\/218\/revisions\/2945"}],"up":[{"embeddable":true,"href":"https:\/\/kgf.wgsr.uw.edu.pl\/index.php?rest_route=\/wp\/v2\/pages\/193"}],"wp:attachment":[{"href":"https:\/\/kgf.wgsr.uw.edu.pl\/index.php?rest_route=%2Fwp%2Fv2%2Fmedia&parent=218"}],"curies":[{"name":"wp","href":"https:\/\/api.w.org\/{rel}","templated":true}]}}